{"id":48579,"date":"2025-09-26T09:25:40","date_gmt":"2025-09-26T07:25:40","guid":{"rendered":"https:\/\/secoli.com\/eventos\/fgi\/"},"modified":"2025-11-24T21:49:40","modified_gmt":"2025-11-24T20:49:40","slug":"fgi","status":"publish","type":"page","link":"https:\/\/secoli.com\/pt-br\/eventos\/fgi\/","title":{"rendered":"FGI"},"content":{"rendered":"\t\t<div data-elementor-type=\"wp-page\" data-elementor-id=\"48579\" class=\"elementor elementor-48579 elementor-40367\" data-elementor-post-type=\"page\">\n\t\t\t\t<div class=\"elementor-element elementor-element-760a723 e-con-full e-flex e-con e-parent\" data-id=\"760a723\" data-element_type=\"container\" data-e-type=\"container\">\n\t\t<div class=\"elementor-element elementor-element-15aefe2 e-con-full e-flex e-con e-child\" data-id=\"15aefe2\" data-element_type=\"container\" data-e-type=\"container\">\n\t\t\t\t<div class=\"elementor-element elementor-element-b48c8c5 elementor-invisible elementor-widget elementor-widget-heading\" data-id=\"b48c8c5\" data-element_type=\"widget\" data-e-type=\"widget\" data-settings=\"{&quot;_animation&quot;:&quot;zoomIn&quot;}\" data-widget_type=\"heading.default\">\n\t\t\t\t\t<h2 class=\"elementor-heading-title elementor-size-default\">Fashion Graduate Italia<\/h2>\t\t\t\t<\/div>\n\t\t\t\t<div class=\"elementor-element elementor-element-9aa4c20 elementor-widget elementor-widget-heading\" data-id=\"9aa4c20\" data-element_type=\"widget\" data-e-type=\"widget\" data-widget_type=\"heading.default\">\n\t\t\t\t\t<h2 class=\"elementor-heading-title elementor-size-default\">nossos melhores talentos desfilam na fashion graduate italia<\/h2>\t\t\t\t<\/div>\n\t\t<div class=\"elementor-element elementor-element-e2c15cf e-con-full e-flex e-con e-child\" data-id=\"e2c15cf\" data-element_type=\"container\" data-e-type=\"container\">\n\t\t\t\t<div class=\"elementor-element elementor-element-53f9766 elementor-widget elementor-widget-video\" data-id=\"53f9766\" data-element_type=\"widget\" data-e-type=\"widget\" data-settings=\"{&quot;youtube_url&quot;:&quot;https:\\\/\\\/www.youtube.com\\\/watch?v=DvXgC40h0bw&quot;,&quot;autoplay&quot;:&quot;yes&quot;,&quot;video_type&quot;:&quot;youtube&quot;,&quot;controls&quot;:&quot;yes&quot;}\" data-widget_type=\"video.default\">\n\t\t\t\t\t\t\t<div class=\"elementor-wrapper elementor-open-inline\">\n\t\t\t<div class=\"elementor-video\"><\/div>\t\t<\/div>\n\t\t\t\t\t\t<\/div>\n\t\t\t\t<\/div>\n\t\t\t\t<div class=\"elementor-element elementor-element-d951471 elementor-widget elementor-widget-text-editor\" data-id=\"d951471\" data-element_type=\"widget\" data-e-type=\"widget\" data-widget_type=\"text-editor.default\">\n\t\t\t\t\t\t\t\t\t<p><a href=\"https:\/\/fashiongraduateitalia.it\/\">Fashion Graduate Italia<\/a> \u00e9 o evento que leva ao palco a moda do futuro e \u00e9 o \u00fanico aberto ao p\u00fablico inteiramente dedicado aos jovens talentos que est\u00e3o escrevendo o novo cap\u00edtulo da moda.<\/p><p>Como em todas as edi\u00e7\u00f5es, os protagonistas ser\u00e3o os estudantes \u2013 italianos e internacionais \u2013 com suas cole\u00e7\u00f5es, projetos e conte\u00fados que falam a linguagem do presente e do futuro, e respondem ao mesmo tempo ao conceito do FGI.<\/p>\t\t\t\t\t\t\t\t<\/div>\n\t\t\t\t<div class=\"elementor-element elementor-element-30f11a4 elementor-widget elementor-widget-text-editor\" data-id=\"30f11a4\" data-element_type=\"widget\" data-e-type=\"widget\" data-widget_type=\"text-editor.default\">\n\t\t\t\t\t\t\t\t\t<p>O evento acontece anualmente na BASE Milano para:<\/p><ul><li>workshops e palestras voltadas para estudantes do ensino m\u00e9dio <\/li><li>desfiles ao vivo (com duas apresenta\u00e7\u00f5es especiais de escolas internacionais)<\/li><li>espa\u00e7os expositivos das escolas de PSFM com projetos das academias de moda &amp; design e dos jovens designers<\/li><li>talks &amp; pain\u00e9is sobre as profiss\u00f5es da moda<\/li><li>an\u00e1lise de portf\u00f3lio e simula\u00e7\u00e3o de entrevistas com quem realmente faz moda.<\/li><\/ul>\t\t\t\t\t\t\t\t<\/div>\n\t\t<div class=\"elementor-element elementor-element-c144f7f e-con-full e-flex e-con e-child\" data-id=\"c144f7f\" data-element_type=\"container\" data-e-type=\"container\">\n\t\t\t\t<\/div>\n\t\t<div class=\"elementor-element elementor-element-66503e0 e-con-full e-flex e-con e-child\" data-id=\"66503e0\" data-element_type=\"container\" data-e-type=\"container\">\n\t\t<div class=\"elementor-element elementor-element-436d626 e-con-full e-flex e-con e-child\" data-id=\"436d626\" data-element_type=\"container\" data-e-type=\"container\">\n\t\t<div class=\"elementor-element elementor-element-875a40d e-con-full e-flex e-con e-child\" data-id=\"875a40d\" data-element_type=\"container\" data-e-type=\"container\">\n\t\t<div class=\"elementor-element elementor-element-79131b7 e-con-full e-flex e-con e-child\" data-id=\"79131b7\" data-element_type=\"container\" data-e-type=\"container\">\n\t\t\t\t<div class=\"elementor-element elementor-element-6b3a192 elementor-widget__width-initial elementor-widget-mobile__width-inherit elementor-position-top elementor-widget elementor-widget-image-box\" data-id=\"6b3a192\" data-element_type=\"widget\" data-e-type=\"widget\" data-widget_type=\"image-box.default\">\n\t\t\t\t\t<div class=\"elementor-image-box-wrapper\"><figure class=\"elementor-image-box-img\"><a href=\"https:\/\/secoli.com\/eventos\/fgi\/fgi2025\/?lang=pt-br\" tabindex=\"-1\"><img fetchpriority=\"high\" decoding=\"async\" width=\"1280\" height=\"1920\" src=\"https:\/\/secoli.com\/wp-content\/uploads\/2025\/10\/Venturelli-29October-DV1_2931-scaled.webp\" class=\"elementor-animation-grow attachment-full size-full wp-image-43294\" alt=\"Venturelli 29October DV1 2931 scaled\" srcset=\"https:\/\/secoli.com\/wp-content\/uploads\/2025\/10\/Venturelli-29October-DV1_2931-scaled.webp 1280w, https:\/\/secoli.com\/wp-content\/uploads\/2025\/10\/Venturelli-29October-DV1_2931-200x300.webp 200w, https:\/\/secoli.com\/wp-content\/uploads\/2025\/10\/Venturelli-29October-DV1_2931-683x1024.webp 683w, https:\/\/secoli.com\/wp-content\/uploads\/2025\/10\/Venturelli-29October-DV1_2931-768x1152.webp 768w, https:\/\/secoli.com\/wp-content\/uploads\/2025\/10\/Venturelli-29October-DV1_2931-1024x1536.webp 1024w\" sizes=\"(max-width: 1280px) 100vw, 1280px\" \/><\/a><\/figure><div class=\"elementor-image-box-content\"><h4 class=\"elementor-image-box-title\"><a href=\"https:\/\/secoli.com\/eventos\/fgi\/fgi2025\/?lang=pt-br\">ISTITUTO SECOLI NA FASHION GRADUATE ITALIA 2025<\/a><\/h4><p class=\"elementor-image-box-description\">BRIDGING TRIBES, BUILDING DREAMS<\/p><\/div><\/div>\t\t\t\t<\/div>\n\t\t\t\t<div class=\"elementor-element elementor-element-d5d5798 elementor-widget__width-initial elementor-widget-mobile__width-inherit elementor-position-top elementor-widget elementor-widget-image-box\" data-id=\"d5d5798\" data-element_type=\"widget\" data-e-type=\"widget\" data-widget_type=\"image-box.default\">\n\t\t\t\t\t<div class=\"elementor-image-box-wrapper\"><figure class=\"elementor-image-box-img\"><a href=\"https:\/\/secoli.com\/eventos\/fgi\/fgi2024\/?lang=pt-br\" tabindex=\"-1\"><img decoding=\"async\" width=\"1280\" height=\"1920\" src=\"https:\/\/secoli.com\/wp-content\/uploads\/2025\/11\/Michela-Santegidi_-16-scaled.webp\" class=\"elementor-animation-grow attachment-full size-full wp-image-48586\" alt=\"Michela Santegidi 16\" srcset=\"https:\/\/secoli.com\/wp-content\/uploads\/2025\/11\/Michela-Santegidi_-16-scaled.webp 1280w, https:\/\/secoli.com\/wp-content\/uploads\/2025\/11\/Michela-Santegidi_-16-200x300.webp 200w, https:\/\/secoli.com\/wp-content\/uploads\/2025\/11\/Michela-Santegidi_-16-683x1024.webp 683w, https:\/\/secoli.com\/wp-content\/uploads\/2025\/11\/Michela-Santegidi_-16-768x1152.webp 768w, https:\/\/secoli.com\/wp-content\/uploads\/2025\/11\/Michela-Santegidi_-16-1024x1536.webp 1024w\" sizes=\"(max-width: 1280px) 100vw, 1280px\" \/><\/a><\/figure><div class=\"elementor-image-box-content\"><h4 class=\"elementor-image-box-title\"><a href=\"https:\/\/secoli.com\/eventos\/fgi\/fgi2024\/?lang=pt-br\">ISTITUTO SECOLI NA FASHION GRADUATE ITALIA 2024<\/a><\/h4><p class=\"elementor-image-box-description\">EYES WIDE OPEN<\/p><\/div><\/div>\t\t\t\t<\/div>\n\t\t\t\t<div class=\"elementor-element elementor-element-996d664 elementor-widget__width-initial elementor-widget-mobile__width-inherit elementor-position-top elementor-widget elementor-widget-image-box\" data-id=\"996d664\" data-element_type=\"widget\" data-e-type=\"widget\" data-widget_type=\"image-box.default\">\n\t\t\t\t\t<div class=\"elementor-image-box-wrapper\"><figure class=\"elementor-image-box-img\"><a href=\"https:\/\/secoli.com\/eventos\/fgi\/fgi2023\/?lang=pt-br\" tabindex=\"-1\"><img decoding=\"async\" width=\"1280\" height=\"1920\" src=\"https:\/\/secoli.com\/wp-content\/uploads\/2025\/10\/8June-PIT_8921-scaled.webp\" class=\"elementor-animation-grow attachment-full size-full wp-image-41985\" alt=\"8June PIT 8921 scaled\" srcset=\"https:\/\/secoli.com\/wp-content\/uploads\/2025\/10\/8June-PIT_8921-scaled.webp 1280w, https:\/\/secoli.com\/wp-content\/uploads\/2025\/10\/8June-PIT_8921-200x300.webp 200w, https:\/\/secoli.com\/wp-content\/uploads\/2025\/10\/8June-PIT_8921-683x1024.webp 683w, https:\/\/secoli.com\/wp-content\/uploads\/2025\/10\/8June-PIT_8921-768x1152.webp 768w, https:\/\/secoli.com\/wp-content\/uploads\/2025\/10\/8June-PIT_8921-1024x1536.webp 1024w\" sizes=\"(max-width: 1280px) 100vw, 1280px\" \/><\/a><\/figure><div class=\"elementor-image-box-content\"><h4 class=\"elementor-image-box-title\"><a href=\"https:\/\/secoli.com\/eventos\/fgi\/fgi2023\/?lang=pt-br\">ISTITUTO SECOLI NA FASHION GRADUATE ITALIA 2023<\/a><\/h4><p class=\"elementor-image-box-description\">DO YOU REMEMBER THE FUTURE<\/p><\/div><\/div>\t\t\t\t<\/div>\n\t\t\t\t<div class=\"elementor-element elementor-element-1e9910a elementor-widget__width-initial elementor-widget-mobile__width-inherit elementor-position-top elementor-widget elementor-widget-image-box\" data-id=\"1e9910a\" data-element_type=\"widget\" data-e-type=\"widget\" data-widget_type=\"image-box.default\">\n\t\t\t\t\t<div class=\"elementor-image-box-wrapper\"><figure class=\"elementor-image-box-img\"><a href=\"https:\/\/secoli.com\/eventos\/fgi\/fgi2022\/?lang=pt-br\" tabindex=\"-1\"><img loading=\"lazy\" decoding=\"async\" width=\"512\" height=\"768\" src=\"https:\/\/secoli.com\/wp-content\/uploads\/2025\/10\/FGI-FEDERICA-DONDI-5.webp\" class=\"elementor-animation-grow attachment-full size-full wp-image-42751\" alt=\"FGI FEDERICA DONDI 5\" srcset=\"https:\/\/secoli.com\/wp-content\/uploads\/2025\/10\/FGI-FEDERICA-DONDI-5.webp 512w, https:\/\/secoli.com\/wp-content\/uploads\/2025\/10\/FGI-FEDERICA-DONDI-5-200x300.webp 200w\" sizes=\"(max-width: 512px) 100vw, 512px\" \/><\/a><\/figure><div class=\"elementor-image-box-content\"><h4 class=\"elementor-image-box-title\"><a href=\"https:\/\/secoli.com\/eventos\/fgi\/fgi2022\/?lang=pt-br\">ISTITUTO SECOLI NA FASHION GRADUATE ITALIA 2022<\/a><\/h4><p class=\"elementor-image-box-description\">INOVA\u00c7\u00c3O SUSTENT\u00c1VEL<\/p><\/div><\/div>\t\t\t\t<\/div>\n\t\t\t\t<\/div>\n\t\t\t\t<\/div>\n\t\t\t\t<\/div>\n\t\t\t\t<\/div>\n\t\t\t\t<div class=\"elementor-element elementor-element-c72e3cf elementor-align-center elementor-widget elementor-widget-button\" data-id=\"c72e3cf\" data-element_type=\"widget\" data-e-type=\"widget\" data-widget_type=\"button.default\">\n\t\t\t\t\t\t\t\t\t\t<a class=\"elementor-button elementor-button-link elementor-size-sm\" href=\"https:\/\/secoli.com\/pt-br\/registro-de-streaming\/\">\n\t\t\t\t\t\t<span class=\"elementor-button-content-wrapper\">\n\t\t\t\t\t\t\t\t\t<span class=\"elementor-button-text\">Acompanhe o evento ao vivo<\/span>\n\t\t\t\t\t<\/span>\n\t\t\t\t\t<\/a>\n\t\t\t\t\t\t\t\t<\/div>\n\t\t\t\t<\/div>\n\t\t<div class=\"elementor-element elementor-element-27a8288 e-con-full e-flex e-con e-child\" data-id=\"27a8288\" data-element_type=\"container\" data-e-type=\"container\">\n\t\t\t\t<div class=\"elementor-element elementor-element-62c5bd6 elementor-widget elementor-widget-image\" data-id=\"62c5bd6\" data-element_type=\"widget\" data-e-type=\"widget\" data-widget_type=\"image.default\">\n\t\t\t\t\t\t\t\t\t\t\t\t\t\t\t\t<a href=\"https:\/\/fashiongraduateitalia.it\/\" target=\"_blank\">\n\t\t\t\t\t\t\t<img loading=\"lazy\" decoding=\"async\" width=\"300\" height=\"300\" src=\"https:\/\/secoli.com\/wp-content\/uploads\/2025\/10\/logofgi.svg\" class=\"attachment-medium size-medium wp-image-48584\" alt=\"logofgi\" \/>\t\t\t\t\t\t\t\t<\/a>\n\t\t\t\t\t\t\t\t\t\t\t\t\t\t\t<\/div>\n\t\t\t\t<div class=\"elementor-element elementor-element-d3bf8a0 elementor-widget elementor-widget-heading\" data-id=\"d3bf8a0\" data-element_type=\"widget\" data-e-type=\"widget\" data-widget_type=\"heading.default\">\n\t\t\t\t\t<h2 class=\"elementor-heading-title elementor-size-default\">Edi\u00e7\u00f5es<\/h2>\t\t\t\t<\/div>\n\t\t\t\t<div class=\"elementor-element elementor-element-58147ee elementor-widget elementor-widget-shortcode\" data-id=\"58147ee\" data-element_type=\"widget\" data-e-type=\"widget\" data-widget_type=\"shortcode.default\">\n\t\t\t\t\t\t\t<div class=\"elementor-shortcode\"><ul class=\"lista-pagine-figlie-shortcode\"><li><a href=\"https:\/\/secoli.com\/pt-br\/eventos\/fgi\/fgi2022\/\">FGI2022<\/a><\/li><li><a href=\"https:\/\/secoli.com\/pt-br\/eventos\/fgi\/fgi2023\/\">FGI2023<\/a><\/li><li><a href=\"https:\/\/secoli.com\/pt-br\/eventos\/fgi\/fgi2024\/\">FGI2024<\/a><\/li><li><a href=\"https:\/\/secoli.com\/pt-br\/eventos\/fgi\/fgi2025\/\">FGI2025<\/a><\/li><\/ul><\/div>\n\t\t\t\t\t\t<\/div>\n\t\t\t\t<\/div>\n\t\t\t\t<\/div>\n\t\t<div class=\"elementor-element elementor-element-1ba26e1 e-flex e-con-boxed e-con e-parent\" data-id=\"1ba26e1\" data-element_type=\"container\" data-e-type=\"container\">\n\t\t\t\t\t<div class=\"e-con-inner\">\n\t\t\t\t<div class=\"elementor-element elementor-element-4c2df8b elementor-widget elementor-widget-spacer\" data-id=\"4c2df8b\" data-element_type=\"widget\" data-e-type=\"widget\" data-widget_type=\"spacer.default\">\n\t\t\t\t\t\t\t<div class=\"elementor-spacer\">\n\t\t\t<div class=\"elementor-spacer-inner\"><\/div>\n\t\t<\/div>\n\t\t\t\t\t\t<\/div>\n\t\t\t\t\t<\/div>\n\t\t\t\t<\/div>\n\t\t\t\t<\/div>\n\t\t","protected":false},"excerpt":{"rendered":"<p>Fashion Graduate Italia nossos melhores talentos desfilam na fashion graduate italia https:\/\/www.youtube.com\/watch?v=DvXgC40h0bw Fashion Graduate Italia \u00e9 o evento que leva ao palco a moda do futuro e \u00e9 o \u00fanico aberto ao p\u00fablico inteiramente dedicado aos jovens talentos que est\u00e3o escrevendo o novo cap\u00edtulo da moda. Como em todas as edi\u00e7\u00f5es, os protagonistas ser\u00e3o os [&hellip;]<\/p>\n","protected":false},"author":1,"featured_media":0,"parent":48386,"menu_order":0,"comment_status":"closed","ping_status":"closed","template":"","meta":{"_acf_changed":false,"inline_featured_image":false,"footnotes":""},"class_list":["post-48579","page","type-page","status-publish","hentry"],"acf":[],"_links":{"self":[{"href":"https:\/\/secoli.com\/pt-br\/wp-json\/wp\/v2\/pages\/48579","targetHints":{"allow":["GET"]}}],"collection":[{"href":"https:\/\/secoli.com\/pt-br\/wp-json\/wp\/v2\/pages"}],"about":[{"href":"https:\/\/secoli.com\/pt-br\/wp-json\/wp\/v2\/types\/page"}],"author":[{"embeddable":true,"href":"https:\/\/secoli.com\/pt-br\/wp-json\/wp\/v2\/users\/1"}],"replies":[{"embeddable":true,"href":"https:\/\/secoli.com\/pt-br\/wp-json\/wp\/v2\/comments?post=48579"}],"version-history":[{"count":3,"href":"https:\/\/secoli.com\/pt-br\/wp-json\/wp\/v2\/pages\/48579\/revisions"}],"predecessor-version":[{"id":48596,"href":"https:\/\/secoli.com\/pt-br\/wp-json\/wp\/v2\/pages\/48579\/revisions\/48596"}],"up":[{"embeddable":true,"href":"https:\/\/secoli.com\/pt-br\/wp-json\/wp\/v2\/pages\/48386"}],"wp:attachment":[{"href":"https:\/\/secoli.com\/pt-br\/wp-json\/wp\/v2\/media?parent=48579"}],"curies":[{"name":"wp","href":"https:\/\/api.w.org\/{rel}","templated":true}]}}