{"id":48476,"date":"2025-08-01T09:15:57","date_gmt":"2025-08-01T07:15:57","guid":{"rendered":"https:\/\/secoli.com\/arquivo-de-comunicados\/"},"modified":"2025-11-26T08:57:54","modified_gmt":"2025-11-26T07:57:54","slug":"arquivo-de-comunicados","status":"publish","type":"page","link":"https:\/\/secoli.com\/pt-br\/sala-de-imprensa\/arquivo-de-comunicados\/","title":{"rendered":"Arquivo de Comunicados"},"content":{"rendered":"\t\t<div data-elementor-type=\"wp-page\" data-elementor-id=\"48476\" class=\"elementor elementor-48476 elementor-39093\" data-elementor-post-type=\"page\">\n\t\t\t\t<div class=\"elementor-element elementor-element-9683547 e-con-full e-flex e-con e-parent\" data-id=\"9683547\" data-element_type=\"container\" data-e-type=\"container\">\n\t\t<div class=\"elementor-element elementor-element-44f8cff2 e-con-full e-flex e-con e-child\" data-id=\"44f8cff2\" data-element_type=\"container\" data-e-type=\"container\">\n\t\t\t\t<div class=\"elementor-element elementor-element-5d6da513 elementor-grid-3 elementor-grid-tablet-2 elementor-grid-mobile-1 elementor-posts--thumbnail-top elementor-widget elementor-widget-posts\" data-id=\"5d6da513\" data-element_type=\"widget\" data-e-type=\"widget\" data-settings=\"{&quot;pagination_type&quot;:&quot;numbers_and_prev_next&quot;,&quot;classic_columns&quot;:&quot;3&quot;,&quot;classic_columns_tablet&quot;:&quot;2&quot;,&quot;classic_columns_mobile&quot;:&quot;1&quot;,&quot;classic_row_gap&quot;:{&quot;unit&quot;:&quot;px&quot;,&quot;size&quot;:35,&quot;sizes&quot;:[]},&quot;classic_row_gap_tablet&quot;:{&quot;unit&quot;:&quot;px&quot;,&quot;size&quot;:&quot;&quot;,&quot;sizes&quot;:[]},&quot;classic_row_gap_mobile&quot;:{&quot;unit&quot;:&quot;px&quot;,&quot;size&quot;:&quot;&quot;,&quot;sizes&quot;:[]}}\" data-widget_type=\"posts.classic\">\n\t\t\t\t<div class=\"elementor-widget-container\">\n\t\t\t\t\t\t\t<div class=\"elementor-posts-container elementor-posts elementor-posts--skin-classic elementor-grid\" role=\"list\">\n\t\t\t\t<article class=\"elementor-post elementor-grid-item post-58790 comunicato type-comunicato status-publish has-post-thumbnail hentry\" role=\"listitem\">\n\t\t\t\t<a class=\"elementor-post__thumbnail__link\" href=\"https:\/\/secoli.com\/pt-br\/comunicato\/istituto-secoli-porta-venezia-design-district-estreia-na-design-week-uniform-visual-project\/\" tabindex=\"-1\" >\n\t\t\t<div class=\"elementor-post__thumbnail\"><img fetchpriority=\"high\" decoding=\"async\" width=\"768\" height=\"1152\" src=\"https:\/\/secoli.com\/wp-content\/uploads\/2026\/03\/FOTO11_Revisione_Progetto-768x1152.jpg\" class=\"attachment-medium_large size-medium_large wp-image-58713\" alt=\"\" srcset=\"https:\/\/secoli.com\/wp-content\/uploads\/2026\/03\/FOTO11_Revisione_Progetto-768x1152.jpg 768w, https:\/\/secoli.com\/wp-content\/uploads\/2026\/03\/FOTO11_Revisione_Progetto-200x300.jpg 200w, https:\/\/secoli.com\/wp-content\/uploads\/2026\/03\/FOTO11_Revisione_Progetto-683x1024.jpg 683w, https:\/\/secoli.com\/wp-content\/uploads\/2026\/03\/FOTO11_Revisione_Progetto-1024x1536.jpg 1024w, https:\/\/secoli.com\/wp-content\/uploads\/2026\/03\/FOTO11_Revisione_Progetto-1365x2048.jpg 1365w, https:\/\/secoli.com\/wp-content\/uploads\/2026\/03\/FOTO11_Revisione_Progetto-scaled.jpg 1706w\" sizes=\"(max-width: 768px) 100vw, 768px\" \/><\/div>\n\t\t<\/a>\n\t\t\t\t<div class=\"elementor-post__text\">\n\t\t\t\t<h3 class=\"elementor-post__title\">\n\t\t\t<a href=\"https:\/\/secoli.com\/pt-br\/comunicato\/istituto-secoli-porta-venezia-design-district-estreia-na-design-week-uniform-visual-project\/\" >\n\t\t\t\tISTITUTO SECOLI &amp; PORTA VENEZIA DESIGN DISTRICT: ESTREIA NA DESIGN WEEK \u201cUNIFORM  VISUAL PROJECT\u201d\t\t\t<\/a>\n\t\t<\/h3>\n\t\t\t\t<div class=\"elementor-post__meta-data\">\n\t\t\t\t\t<span class=\"elementor-post-date\">\n\t\t\t18 de mar\u00e7o de 2026\t\t<\/span>\n\t\t\t\t<\/div>\n\t\t\t\t<div class=\"elementor-post__excerpt\">\n\t\t\t<p>Em 2026, ganha vida a colabora\u00e7\u00e3o entre o Istituto Secoli e o Porta Venezia District para o design e desenvolvimento de uma jaqueta\/uniforme ic\u00f4nica e<\/p>\n\t\t<\/div>\n\t\t\n\t\t<a class=\"elementor-post__read-more\" href=\"https:\/\/secoli.com\/pt-br\/comunicato\/istituto-secoli-porta-venezia-design-district-estreia-na-design-week-uniform-visual-project\/\" aria-label=\"Leia mais sobre ISTITUTO SECOLI &amp; PORTA VENEZIA DESIGN DISTRICT: ESTREIA NA DESIGN WEEK \u201cUNIFORM  VISUAL PROJECT\u201d\" tabindex=\"-1\" >\n\t\t\tLeia tudo \u00bb\t\t<\/a>\n\n\t\t\t\t<\/div>\n\t\t\t\t<\/article>\n\t\t\t\t<article class=\"elementor-post elementor-grid-item post-48624 comunicato type-comunicato status-publish has-post-thumbnail hentry\" role=\"listitem\">\n\t\t\t\t<a class=\"elementor-post__thumbnail__link\" href=\"https:\/\/secoli.com\/pt-br\/comunicato\/istituto-secoli-e-protagonista-na-fashion-graduate-italia-2025-bridging-tribes-building-dreams\/\" tabindex=\"-1\" >\n\t\t\t<div class=\"elementor-post__thumbnail\"><img decoding=\"async\" width=\"768\" height=\"1024\" src=\"https:\/\/secoli.com\/wp-content\/uploads\/2025\/10\/STD-generale-768x1024.webp\" class=\"attachment-medium_large size-medium_large wp-image-48630\" alt=\"STD generale\" srcset=\"https:\/\/secoli.com\/wp-content\/uploads\/2025\/10\/STD-generale-768x1024.webp 768w, https:\/\/secoli.com\/wp-content\/uploads\/2025\/10\/STD-generale-225x300.webp 225w, https:\/\/secoli.com\/wp-content\/uploads\/2025\/10\/STD-generale-1152x1536.webp 1152w, https:\/\/secoli.com\/wp-content\/uploads\/2025\/10\/STD-generale-scaled.webp 1440w\" sizes=\"(max-width: 768px) 100vw, 768px\" \/><\/div>\n\t\t<\/a>\n\t\t\t\t<div class=\"elementor-post__text\">\n\t\t\t\t<h3 class=\"elementor-post__title\">\n\t\t\t<a href=\"https:\/\/secoli.com\/pt-br\/comunicato\/istituto-secoli-e-protagonista-na-fashion-graduate-italia-2025-bridging-tribes-building-dreams\/\" >\n\t\t\t\tISTITUTO SECOLI \u00c9 PROTAGONISTA NA FASHION GRADUATE ITALIA 2025 | BRIDGING TRIBES, BUILDING DREAMS\t\t\t<\/a>\n\t\t<\/h3>\n\t\t\t\t<div class=\"elementor-post__meta-data\">\n\t\t\t\t\t<span class=\"elementor-post-date\">\n\t\t\t28 de outubro de 2025\t\t<\/span>\n\t\t\t\t<\/div>\n\t\t\t\t<div class=\"elementor-post__excerpt\">\n\t\t\t<p>De 28 a 30 de outubro, nos espa\u00e7os da BASE Milano, aconteceu a Fashion Graduate Italia 2025, a manifesta\u00e7\u00e3o que todos os anos destaca os<\/p>\n\t\t<\/div>\n\t\t\n\t\t<a class=\"elementor-post__read-more\" href=\"https:\/\/secoli.com\/pt-br\/comunicato\/istituto-secoli-e-protagonista-na-fashion-graduate-italia-2025-bridging-tribes-building-dreams\/\" aria-label=\"Leia mais sobre ISTITUTO SECOLI \u00c9 PROTAGONISTA NA FASHION GRADUATE ITALIA 2025 | BRIDGING TRIBES, BUILDING DREAMS\" tabindex=\"-1\" >\n\t\t\tLeia tudo \u00bb\t\t<\/a>\n\n\t\t\t\t<\/div>\n\t\t\t\t<\/article>\n\t\t\t\t<article class=\"elementor-post elementor-grid-item post-48661 comunicato type-comunicato status-publish has-post-thumbnail hentry\" role=\"listitem\">\n\t\t\t\t<a class=\"elementor-post__thumbnail__link\" href=\"https:\/\/secoli.com\/pt-br\/comunicato\/de-18-de-setembro-a-3-de-outubro-de-2025-o-instituto-secoli-apresenta-a-exposicao-identidades-surreais-lucia-giacani-fotografias-de-moda-de-2007-a-2025\/\" tabindex=\"-1\" >\n\t\t\t<div class=\"elementor-post__thumbnail\"><img decoding=\"async\" width=\"768\" height=\"960\" src=\"https:\/\/secoli.com\/wp-content\/uploads\/2025\/09\/230701_IL-POETA_0583-min-768x960.webp\" class=\"attachment-medium_large size-medium_large wp-image-48664\" alt=\"230701 IL POETA 0583 min\" srcset=\"https:\/\/secoli.com\/wp-content\/uploads\/2025\/09\/230701_IL-POETA_0583-min-768x960.webp 768w, https:\/\/secoli.com\/wp-content\/uploads\/2025\/09\/230701_IL-POETA_0583-min-240x300.webp 240w, https:\/\/secoli.com\/wp-content\/uploads\/2025\/09\/230701_IL-POETA_0583-min-819x1024.webp 819w, https:\/\/secoli.com\/wp-content\/uploads\/2025\/09\/230701_IL-POETA_0583-min-1229x1536.webp 1229w, https:\/\/secoli.com\/wp-content\/uploads\/2025\/09\/230701_IL-POETA_0583-min-scaled.webp 1536w\" sizes=\"(max-width: 768px) 100vw, 768px\" \/><\/div>\n\t\t<\/a>\n\t\t\t\t<div class=\"elementor-post__text\">\n\t\t\t\t<h3 class=\"elementor-post__title\">\n\t\t\t<a href=\"https:\/\/secoli.com\/pt-br\/comunicato\/de-18-de-setembro-a-3-de-outubro-de-2025-o-instituto-secoli-apresenta-a-exposicao-identidades-surreais-lucia-giacani-fotografias-de-moda-de-2007-a-2025\/\" >\n\t\t\t\tDE 18 DE SETEMBRO A 3 DE OUTUBRO DE 2025, O INSTITUTO SECOLI APRESENTA A EXPOSI\u00c7\u00c3O &#8220;IDENTIDADES SURREAIS. LUCIA GIACANI FOTOGRAFIAS DE MODA DE 2007 A 2025&#8221;\t\t\t<\/a>\n\t\t<\/h3>\n\t\t\t\t<div class=\"elementor-post__meta-data\">\n\t\t\t\t\t<span class=\"elementor-post-date\">\n\t\t\t5 de setembro de 2025\t\t<\/span>\n\t\t\t\t<\/div>\n\t\t\t\t<div class=\"elementor-post__excerpt\">\n\t\t\t<p>Por ocasi\u00e3o do seu 90\u00ba anivers\u00e1rio, o Instituto Secoli celebra o talento dos Designer to Watch: nasce assim uma colabora\u00e7\u00e3o de autor com a fot\u00f3grafa<\/p>\n\t\t<\/div>\n\t\t\n\t\t<a class=\"elementor-post__read-more\" href=\"https:\/\/secoli.com\/pt-br\/comunicato\/de-18-de-setembro-a-3-de-outubro-de-2025-o-instituto-secoli-apresenta-a-exposicao-identidades-surreais-lucia-giacani-fotografias-de-moda-de-2007-a-2025\/\" aria-label=\"Leia mais sobre DE 18 DE SETEMBRO A 3 DE OUTUBRO DE 2025, O INSTITUTO SECOLI APRESENTA A EXPOSI\u00c7\u00c3O &#8220;IDENTIDADES SURREAIS. LUCIA GIACANI FOTOGRAFIAS DE MODA DE 2007 A 2025&#8221;\" tabindex=\"-1\" >\n\t\t\tLeia tudo \u00bb\t\t<\/a>\n\n\t\t\t\t<\/div>\n\t\t\t\t<\/article>\n\t\t\t\t<article class=\"elementor-post elementor-grid-item post-48687 comunicato type-comunicato status-publish has-post-thumbnail hentry\" role=\"listitem\">\n\t\t\t\t<a class=\"elementor-post__thumbnail__link\" href=\"https:\/\/secoli.com\/pt-br\/comunicato\/os-talentos-secoli-obtem-o-reconhecimento-das-grandes-marcas-de-luxo\/\" tabindex=\"-1\" >\n\t\t\t<div class=\"elementor-post__thumbnail\"><img loading=\"lazy\" decoding=\"async\" width=\"768\" height=\"541\" src=\"https:\/\/secoli.com\/wp-content\/uploads\/2025\/07\/Istituto-Secoli-Novara-31-7-25-Cerimonia-Diplomi-2025-A7R00090-768x541.webp\" class=\"attachment-medium_large size-medium_large wp-image-48689\" alt=\"Istituto Secoli Novara 31 7 25 Cerimonia Diplomi 2025 A7R00090\" srcset=\"https:\/\/secoli.com\/wp-content\/uploads\/2025\/07\/Istituto-Secoli-Novara-31-7-25-Cerimonia-Diplomi-2025-A7R00090-768x541.webp 768w, https:\/\/secoli.com\/wp-content\/uploads\/2025\/07\/Istituto-Secoli-Novara-31-7-25-Cerimonia-Diplomi-2025-A7R00090-300x211.webp 300w, https:\/\/secoli.com\/wp-content\/uploads\/2025\/07\/Istituto-Secoli-Novara-31-7-25-Cerimonia-Diplomi-2025-A7R00090-1024x721.webp 1024w, https:\/\/secoli.com\/wp-content\/uploads\/2025\/07\/Istituto-Secoli-Novara-31-7-25-Cerimonia-Diplomi-2025-A7R00090-1536x1082.webp 1536w, https:\/\/secoli.com\/wp-content\/uploads\/2025\/07\/Istituto-Secoli-Novara-31-7-25-Cerimonia-Diplomi-2025-A7R00090-scaled.webp 1920w\" sizes=\"(max-width: 768px) 100vw, 768px\" \/><\/div>\n\t\t<\/a>\n\t\t\t\t<div class=\"elementor-post__text\">\n\t\t\t\t<h3 class=\"elementor-post__title\">\n\t\t\t<a href=\"https:\/\/secoli.com\/pt-br\/comunicato\/os-talentos-secoli-obtem-o-reconhecimento-das-grandes-marcas-de-luxo\/\" >\n\t\t\t\tOS TALENTOS SECOLI OBT\u00caM O RECONHECIMENTO DAS GRANDES MARCAS DE LUXO\t\t\t<\/a>\n\t\t<\/h3>\n\t\t\t\t<div class=\"elementor-post__meta-data\">\n\t\t\t\t\t<span class=\"elementor-post-date\">\n\t\t\t31 de julho de 2025\t\t<\/span>\n\t\t\t\t<\/div>\n\t\t\t\t<div class=\"elementor-post__excerpt\">\n\t\t\t<p>Istituto Secoli Novara celebra a conclus\u00e3o da terceira edi\u00e7\u00e3o do curso de Prototipagem de Produto de Moda com a atribui\u00e7\u00e3o dos est\u00e1gios por Alexander McQueen,<\/p>\n\t\t<\/div>\n\t\t\n\t\t<a class=\"elementor-post__read-more\" href=\"https:\/\/secoli.com\/pt-br\/comunicato\/os-talentos-secoli-obtem-o-reconhecimento-das-grandes-marcas-de-luxo\/\" aria-label=\"Leia mais sobre OS TALENTOS SECOLI OBT\u00caM O RECONHECIMENTO DAS GRANDES MARCAS DE LUXO\" tabindex=\"-1\" >\n\t\t\tLeia tudo \u00bb\t\t<\/a>\n\n\t\t\t\t<\/div>\n\t\t\t\t<\/article>\n\t\t\t\t<article class=\"elementor-post elementor-grid-item post-48639 comunicato type-comunicato status-publish has-post-thumbnail hentry\" role=\"listitem\">\n\t\t\t\t<a class=\"elementor-post__thumbnail__link\" href=\"https:\/\/secoli.com\/pt-br\/comunicato\/patricia-gorbatovschi-ludovica-farina-sao-as-vencedoras-do-premio-nextcouture\/\" tabindex=\"-1\" >\n\t\t\t<div class=\"elementor-post__thumbnail\"><img loading=\"lazy\" decoding=\"async\" width=\"768\" height=\"576\" src=\"https:\/\/secoli.com\/wp-content\/uploads\/2025\/07\/MG_9324-min-768x576.webp\" class=\"attachment-medium_large size-medium_large wp-image-48640\" alt=\"MG 9324 min\" srcset=\"https:\/\/secoli.com\/wp-content\/uploads\/2025\/07\/MG_9324-min-768x576.webp 768w, https:\/\/secoli.com\/wp-content\/uploads\/2025\/07\/MG_9324-min-300x225.webp 300w, https:\/\/secoli.com\/wp-content\/uploads\/2025\/07\/MG_9324-min-1024x768.webp 1024w, https:\/\/secoli.com\/wp-content\/uploads\/2025\/07\/MG_9324-min-1536x1152.webp 1536w, https:\/\/secoli.com\/wp-content\/uploads\/2025\/07\/MG_9324-min-scaled.webp 1920w\" sizes=\"(max-width: 768px) 100vw, 768px\" \/><\/div>\n\t\t<\/a>\n\t\t\t\t<div class=\"elementor-post__text\">\n\t\t\t\t<h3 class=\"elementor-post__title\">\n\t\t\t<a href=\"https:\/\/secoli.com\/pt-br\/comunicato\/patricia-gorbatovschi-ludovica-farina-sao-as-vencedoras-do-premio-nextcouture\/\" >\n\t\t\t\tPATRICIA GORBATOVSCHI, LUDOVICA FARINA S\u00c3O AS VENCEDORAS DO PR\u00caMIO NEXTCOUTURE\t\t\t<\/a>\n\t\t<\/h3>\n\t\t\t\t<div class=\"elementor-post__meta-data\">\n\t\t\t\t\t<span class=\"elementor-post-date\">\n\t\t\t7 de julho de 2025\t\t<\/span>\n\t\t\t\t<\/div>\n\t\t\t\t<div class=\"elementor-post__excerpt\">\n\t\t\t<p>Secoli Fashion Show 2025: o Pr\u00eamio NextCouture <\/p>\n\t\t<\/div>\n\t\t\n\t\t<a class=\"elementor-post__read-more\" href=\"https:\/\/secoli.com\/pt-br\/comunicato\/patricia-gorbatovschi-ludovica-farina-sao-as-vencedoras-do-premio-nextcouture\/\" aria-label=\"Leia mais sobre PATRICIA GORBATOVSCHI, LUDOVICA FARINA S\u00c3O AS VENCEDORAS DO PR\u00caMIO NEXTCOUTURE\" tabindex=\"-1\" >\n\t\t\tLeia tudo \u00bb\t\t<\/a>\n\n\t\t\t\t<\/div>\n\t\t\t\t<\/article>\n\t\t\t\t<article class=\"elementor-post elementor-grid-item post-48635 comunicato type-comunicato status-publish has-post-thumbnail hentry\" role=\"listitem\">\n\t\t\t\t<a class=\"elementor-post__thumbnail__link\" href=\"https:\/\/secoli.com\/pt-br\/comunicato\/criatividade-na-passarela-o-secoli-fashion-show-encanta-o-publico\/\" tabindex=\"-1\" >\n\t\t\t<div class=\"elementor-post__thumbnail\"><img loading=\"lazy\" decoding=\"async\" width=\"768\" height=\"405\" src=\"https:\/\/secoli.com\/wp-content\/uploads\/2025\/06\/News-768x405.webp\" class=\"attachment-medium_large size-medium_large wp-image-48638\" alt=\"News\" srcset=\"https:\/\/secoli.com\/wp-content\/uploads\/2025\/06\/News-768x405.webp 768w, https:\/\/secoli.com\/wp-content\/uploads\/2025\/06\/News-300x158.webp 300w, https:\/\/secoli.com\/wp-content\/uploads\/2025\/06\/News.webp 932w\" sizes=\"(max-width: 768px) 100vw, 768px\" \/><\/div>\n\t\t<\/a>\n\t\t\t\t<div class=\"elementor-post__text\">\n\t\t\t\t<h3 class=\"elementor-post__title\">\n\t\t\t<a href=\"https:\/\/secoli.com\/pt-br\/comunicato\/criatividade-na-passarela-o-secoli-fashion-show-encanta-o-publico\/\" >\n\t\t\t\tCRIATIVIDADE NA PASSARELA: O SECOLI FASHION SHOW ENCANTA O P\u00daBLICO\t\t\t<\/a>\n\t\t<\/h3>\n\t\t\t\t<div class=\"elementor-post__meta-data\">\n\t\t\t\t\t<span class=\"elementor-post-date\">\n\t\t\t6 de junho de 2025\t\t<\/span>\n\t\t\t\t<\/div>\n\t\t\t\t<div class=\"elementor-post__excerpt\">\n\t\t\t<p>UMA EXPLOS\u00c3O EXTRAORDIN\u00c1RIA DE TALENTO <\/p>\n\t\t<\/div>\n\t\t\n\t\t<a class=\"elementor-post__read-more\" href=\"https:\/\/secoli.com\/pt-br\/comunicato\/criatividade-na-passarela-o-secoli-fashion-show-encanta-o-publico\/\" aria-label=\"Leia mais sobre CRIATIVIDADE NA PASSARELA: O SECOLI FASHION SHOW ENCANTA O P\u00daBLICO\" tabindex=\"-1\" >\n\t\t\tLeia tudo \u00bb\t\t<\/a>\n\n\t\t\t\t<\/div>\n\t\t\t\t<\/article>\n\t\t\t\t<article class=\"elementor-post elementor-grid-item post-48631 comunicato type-comunicato status-publish has-post-thumbnail hentry\" role=\"listitem\">\n\t\t\t\t<a class=\"elementor-post__thumbnail__link\" href=\"https:\/\/secoli.com\/pt-br\/comunicato\/roupas-como-metamorfose-e-fusao-entre-corpo-e-materia\/\" tabindex=\"-1\" >\n\t\t\t<div class=\"elementor-post__thumbnail\"><img loading=\"lazy\" decoding=\"async\" width=\"768\" height=\"432\" src=\"https:\/\/secoli.com\/wp-content\/uploads\/2025\/03\/com_abiti_come_metamorfosi_fusione_tra_corpo_materia_58_1-2-768x432.webp\" class=\"attachment-medium_large size-medium_large wp-image-48634\" alt=\"com abiti come metamorfosi fusione tra corpo materia 58 1 2\" srcset=\"https:\/\/secoli.com\/wp-content\/uploads\/2025\/03\/com_abiti_come_metamorfosi_fusione_tra_corpo_materia_58_1-2-768x432.webp 768w, https:\/\/secoli.com\/wp-content\/uploads\/2025\/03\/com_abiti_come_metamorfosi_fusione_tra_corpo_materia_58_1-2-300x169.webp 300w, https:\/\/secoli.com\/wp-content\/uploads\/2025\/03\/com_abiti_come_metamorfosi_fusione_tra_corpo_materia_58_1-2.webp 1024w\" sizes=\"(max-width: 768px) 100vw, 768px\" \/><\/div>\n\t\t<\/a>\n\t\t\t\t<div class=\"elementor-post__text\">\n\t\t\t\t<h3 class=\"elementor-post__title\">\n\t\t\t<a href=\"https:\/\/secoli.com\/pt-br\/comunicato\/roupas-como-metamorfose-e-fusao-entre-corpo-e-materia\/\" >\n\t\t\t\tROUPAS COMO METAMORFOSE E FUS\u00c3O ENTRE CORPO E MAT\u00c9RIA\t\t\t<\/a>\n\t\t<\/h3>\n\t\t\t\t<div class=\"elementor-post__meta-data\">\n\t\t\t\t\t<span class=\"elementor-post-date\">\n\t\t\t31 de mar\u00e7o de 2025\t\t<\/span>\n\t\t\t\t<\/div>\n\t\t\t\t<div class=\"elementor-post__excerpt\">\n\t\t\t<p>UM PROJETO DO ISTITUTO SECOLI EM COLABORA\u00c7\u00c3O COM FANNY ART PARA A MILANO DESIGN WEEK 2025 <\/p>\n\t\t<\/div>\n\t\t\n\t\t<a class=\"elementor-post__read-more\" href=\"https:\/\/secoli.com\/pt-br\/comunicato\/roupas-como-metamorfose-e-fusao-entre-corpo-e-materia\/\" aria-label=\"Leia mais sobre ROUPAS COMO METAMORFOSE E FUS\u00c3O ENTRE CORPO E MAT\u00c9RIA\" tabindex=\"-1\" >\n\t\t\tLeia tudo \u00bb\t\t<\/a>\n\n\t\t\t\t<\/div>\n\t\t\t\t<\/article>\n\t\t\t\t<article class=\"elementor-post elementor-grid-item post-56270 comunicato type-comunicato status-publish has-post-thumbnail hentry\" role=\"listitem\">\n\t\t\t\t<a class=\"elementor-post__thumbnail__link\" href=\"https:\/\/secoli.com\/pt-br\/comunicato\/abertura-do-ano-academico-do-istituto-secoli-visao-e-futuro-entre-criatividade-tecnica-e-inovacao\/\" tabindex=\"-1\" >\n\t\t\t<div class=\"elementor-post__thumbnail\"><img loading=\"lazy\" decoding=\"async\" width=\"768\" height=\"432\" src=\"https:\/\/secoli.com\/wp-content\/uploads\/2024\/11\/com_apertura_dellanno_accademico_istituto_secoli__visione_futuro_tra_creativita_tecnica_innovazione_57_1-768x432.webp\" class=\"attachment-medium_large size-medium_large wp-image-56273\" alt=\"com apertura dellanno accademico istituto secoli visione futuro tra creativita tecnica innovazione 57 1\" srcset=\"https:\/\/secoli.com\/wp-content\/uploads\/2024\/11\/com_apertura_dellanno_accademico_istituto_secoli__visione_futuro_tra_creativita_tecnica_innovazione_57_1-768x432.webp 768w, https:\/\/secoli.com\/wp-content\/uploads\/2024\/11\/com_apertura_dellanno_accademico_istituto_secoli__visione_futuro_tra_creativita_tecnica_innovazione_57_1-300x169.webp 300w, https:\/\/secoli.com\/wp-content\/uploads\/2024\/11\/com_apertura_dellanno_accademico_istituto_secoli__visione_futuro_tra_creativita_tecnica_innovazione_57_1.webp 1024w\" sizes=\"(max-width: 768px) 100vw, 768px\" \/><\/div>\n\t\t<\/a>\n\t\t\t\t<div class=\"elementor-post__text\">\n\t\t\t\t<h3 class=\"elementor-post__title\">\n\t\t\t<a href=\"https:\/\/secoli.com\/pt-br\/comunicato\/abertura-do-ano-academico-do-istituto-secoli-visao-e-futuro-entre-criatividade-tecnica-e-inovacao\/\" >\n\t\t\t\tABERTURA DO ANO ACAD\u00caMICO DO ISTITUTO SECOLI: VIS\u00c3O E FUTURO ENTRE CRIATIVIDADE, T\u00c9CNICA E INOVA\u00c7\u00c3O\t\t\t<\/a>\n\t\t<\/h3>\n\t\t\t\t<div class=\"elementor-post__meta-data\">\n\t\t\t\t\t<span class=\"elementor-post-date\">\n\t\t\t27 de novembro de 2024\t\t<\/span>\n\t\t\t\t<\/div>\n\t\t\t\t<div class=\"elementor-post__excerpt\">\n\t\t\t<p>ABERTURA DO ANO ACAD\u00caMICO DO ISTITUTO SECOLI: VIS\u00c3O E FUTURO ENTRE CRIATIVIDADE, T\u00c9CNICA E INOVA\u00c7\u00c3O<\/p>\n\t\t<\/div>\n\t\t\n\t\t<a class=\"elementor-post__read-more\" href=\"https:\/\/secoli.com\/pt-br\/comunicato\/abertura-do-ano-academico-do-istituto-secoli-visao-e-futuro-entre-criatividade-tecnica-e-inovacao\/\" aria-label=\"Leia mais sobre ABERTURA DO ANO ACAD\u00caMICO DO ISTITUTO SECOLI: VIS\u00c3O E FUTURO ENTRE CRIATIVIDADE, T\u00c9CNICA E INOVA\u00c7\u00c3O\" tabindex=\"-1\" >\n\t\t\tLeia tudo \u00bb\t\t<\/a>\n\n\t\t\t\t<\/div>\n\t\t\t\t<\/article>\n\t\t\t\t<article class=\"elementor-post elementor-grid-item post-56247 comunicato type-comunicato status-publish has-post-thumbnail hentry\" role=\"listitem\">\n\t\t\t\t<a class=\"elementor-post__thumbnail__link\" href=\"https:\/\/secoli.com\/pt-br\/comunicato\/o-talento-dos-designers-do-istituto-secoli-no-fashion-graduate-italia\/\" tabindex=\"-1\" >\n\t\t\t<div class=\"elementor-post__thumbnail\"><img loading=\"lazy\" decoding=\"async\" width=\"768\" height=\"767\" src=\"https:\/\/secoli.com\/wp-content\/uploads\/2024\/10\/post_IG_FB_2-768x767.webp\" class=\"attachment-medium_large size-medium_large wp-image-56251\" alt=\"post IG FB 2\" srcset=\"https:\/\/secoli.com\/wp-content\/uploads\/2024\/10\/post_IG_FB_2-768x767.webp 768w, https:\/\/secoli.com\/wp-content\/uploads\/2024\/10\/post_IG_FB_2-300x300.webp 300w, https:\/\/secoli.com\/wp-content\/uploads\/2024\/10\/post_IG_FB_2-1024x1024.webp 1024w, https:\/\/secoli.com\/wp-content\/uploads\/2024\/10\/post_IG_FB_2-150x150.webp 150w, https:\/\/secoli.com\/wp-content\/uploads\/2024\/10\/post_IG_FB_2.webp 1081w\" sizes=\"(max-width: 768px) 100vw, 768px\" \/><\/div>\n\t\t<\/a>\n\t\t\t\t<div class=\"elementor-post__text\">\n\t\t\t\t<h3 class=\"elementor-post__title\">\n\t\t\t<a href=\"https:\/\/secoli.com\/pt-br\/comunicato\/o-talento-dos-designers-do-istituto-secoli-no-fashion-graduate-italia\/\" >\n\t\t\t\tO talento dos designers do Istituto Secoli no Fashion Graduate Italia\t\t\t<\/a>\n\t\t<\/h3>\n\t\t\t\t<div class=\"elementor-post__meta-data\">\n\t\t\t\t\t<span class=\"elementor-post-date\">\n\t\t\t23 de outubro de 2024\t\t<\/span>\n\t\t\t\t<\/div>\n\t\t\t\t<div class=\"elementor-post__excerpt\">\n\t\t\t<p>Istituto Secoli @ Fashion Graduate Italia 2024  <\/p>\n\t\t<\/div>\n\t\t\n\t\t<a class=\"elementor-post__read-more\" href=\"https:\/\/secoli.com\/pt-br\/comunicato\/o-talento-dos-designers-do-istituto-secoli-no-fashion-graduate-italia\/\" aria-label=\"Leia mais sobre O talento dos designers do Istituto Secoli no Fashion Graduate Italia\" tabindex=\"-1\" >\n\t\t\tLeia tudo \u00bb\t\t<\/a>\n\n\t\t\t\t<\/div>\n\t\t\t\t<\/article>\n\t\t\t\t<\/div>\n\t\t\n\t\t\t\t<div class=\"e-load-more-anchor\" data-page=\"1\" data-max-page=\"7\" data-next-page=\"https:\/\/secoli.com\/pt-br\/wp-json\/wp\/v2\/pages\/48476\/page\/2\/\"><\/div>\n\t\t\t\t<nav class=\"elementor-pagination\" aria-label=\"Pagina\u00e7\u00e3o\">\n\t\t\t<span class=\"page-numbers prev\">\u00ab Anterior<\/span>\n<span aria-current=\"page\" class=\"page-numbers current\"><span class=\"elementor-screen-only\">P\u00e1gina<\/span>1<\/span>\n<a class=\"page-numbers\" href=\"https:\/\/secoli.com\/pt-br\/wp-json\/wp\/v2\/pages\/48476\/page\/2\/\"><span class=\"elementor-screen-only\">P\u00e1gina<\/span>2<\/a>\n<a class=\"page-numbers\" href=\"https:\/\/secoli.com\/pt-br\/wp-json\/wp\/v2\/pages\/48476\/page\/3\/\"><span class=\"elementor-screen-only\">P\u00e1gina<\/span>3<\/a>\n<a class=\"page-numbers\" href=\"https:\/\/secoli.com\/pt-br\/wp-json\/wp\/v2\/pages\/48476\/page\/4\/\"><span class=\"elementor-screen-only\">P\u00e1gina<\/span>4<\/a>\n<a class=\"page-numbers\" href=\"https:\/\/secoli.com\/pt-br\/wp-json\/wp\/v2\/pages\/48476\/page\/5\/\"><span class=\"elementor-screen-only\">P\u00e1gina<\/span>5<\/a>\n<a class=\"page-numbers next\" href=\"https:\/\/secoli.com\/pt-br\/wp-json\/wp\/v2\/pages\/48476\/page\/2\/\">Pr\u00f3ximo \u00bb<\/a>\t\t<\/nav>\n\t\t\t\t\t\t<\/div>\n\t\t\t\t<\/div>\n\t\t\t\t<\/div>\n\t\t<div class=\"elementor-element elementor-element-4aec9517 e-con-full e-flex e-con e-child\" data-id=\"4aec9517\" data-element_type=\"container\" data-e-type=\"container\">\n\t\t\t\t<div class=\"elementor-element elementor-element-6431398e elementor-widget elementor-widget-heading\" data-id=\"6431398e\" data-element_type=\"widget\" data-e-type=\"widget\" data-widget_type=\"heading.default\">\n\t\t\t\t\t<h2 class=\"elementor-heading-title elementor-size-default\">Sala de Imprensa<\/h2>\t\t\t\t<\/div>\n\t\t\t\t<div class=\"elementor-element elementor-element-15f439f3 elementor-nav-menu--dropdown-tablet elementor-nav-menu__text-align-aside elementor-nav-menu--toggle elementor-nav-menu--burger elementor-widget elementor-widget-nav-menu\" data-id=\"15f439f3\" data-element_type=\"widget\" data-e-type=\"widget\" data-settings=\"{&quot;layout&quot;:&quot;vertical&quot;,&quot;submenu_icon&quot;:{&quot;value&quot;:&quot;&lt;svg aria-hidden=\\&quot;true\\&quot; class=\\&quot;e-font-icon-svg e-fas-caret-down\\&quot; viewBox=\\&quot;0 0 320 512\\&quot; xmlns=\\&quot;http:\\\/\\\/www.w3.org\\\/2000\\\/svg\\&quot;&gt;&lt;path d=\\&quot;M31.3 192h257.3c17.8 0 26.7 21.5 14.1 34.1L174.1 354.8c-7.8 7.8-20.5 7.8-28.3 0L17.2 226.1C4.6 213.5 13.5 192 31.3 192z\\&quot;&gt;&lt;\\\/path&gt;&lt;\\\/svg&gt;&quot;,&quot;library&quot;:&quot;fa-solid&quot;},&quot;toggle&quot;:&quot;burger&quot;}\" data-widget_type=\"nav-menu.default\">\n\t\t\t\t\t\t\t\t<nav aria-label=\"Menu\" class=\"elementor-nav-menu--main elementor-nav-menu__container elementor-nav-menu--layout-vertical e--pointer-underline e--animation-fade\">\n\t\t\t\t<ul id=\"menu-1-15f439f3\" class=\"elementor-nav-menu sm-vertical\"><li class=\"menu-item menu-item-type-post_type menu-item-object-page menu-item-57689\"><a href=\"https:\/\/secoli.com\/pt-br\/sala-de-imprensa\/arquivo-de-noticias\/\" class=\"elementor-item\">Arquivo de Not\u00edcias<\/a><\/li>\n<li class=\"menu-item menu-item-type-post_type menu-item-object-page menu-item-57690\"><a href=\"https:\/\/secoli.com\/pt-br\/sala-de-imprensa\/arquivo-de-comunicados\/\" class=\"elementor-item\">Arquivo de Comunicados<\/a><\/li>\n<li class=\"menu-item menu-item-type-post_type menu-item-object-page menu-item-57691\"><a href=\"https:\/\/secoli.com\/pt-br\/sala-de-imprensa\/revista-de-imprensa\/\" class=\"elementor-item\">Revista de Imprensa<\/a><\/li>\n<li class=\"menu-item menu-item-type-post_type menu-item-object-page menu-item-57692\"><a href=\"https:\/\/secoli.com\/pt-br\/sala-de-imprensa\/arquivo-de-videos\/\" class=\"elementor-item\">Arquivo de V\u00eddeos<\/a><\/li>\n<\/ul>\t\t\t<\/nav>\n\t\t\t\t\t<div class=\"elementor-menu-toggle\" role=\"button\" tabindex=\"0\" aria-label=\"Alternar menu\" aria-expanded=\"false\">\n\t\t\t<svg aria-hidden=\"true\" role=\"presentation\" class=\"elementor-menu-toggle__icon--open e-font-icon-svg e-eicon-menu-bar\" viewBox=\"0 0 1000 1000\" xmlns=\"http:\/\/www.w3.org\/2000\/svg\"><path d=\"M104 333H896C929 333 958 304 958 271S929 208 896 208H104C71 208 42 237 42 271S71 333 104 333ZM104 583H896C929 583 958 554 958 521S929 458 896 458H104C71 458 42 487 42 521S71 583 104 583ZM104 833H896C929 833 958 804 958 771S929 708 896 708H104C71 708 42 737 42 771S71 833 104 833Z\"><\/path><\/svg><svg aria-hidden=\"true\" role=\"presentation\" class=\"elementor-menu-toggle__icon--close e-font-icon-svg e-eicon-close\" viewBox=\"0 0 1000 1000\" xmlns=\"http:\/\/www.w3.org\/2000\/svg\"><path d=\"M742 167L500 408 258 167C246 154 233 150 217 150 196 150 179 158 167 167 154 179 150 196 150 212 150 229 154 242 171 254L408 500 167 742C138 771 138 800 167 829 196 858 225 858 254 829L496 587 738 829C750 842 767 846 783 846 800 846 817 842 829 829 842 817 846 804 846 783 846 767 842 750 829 737L588 500 833 258C863 229 863 200 833 171 804 137 775 137 742 167Z\"><\/path><\/svg>\t\t<\/div>\n\t\t\t\t\t<nav class=\"elementor-nav-menu--dropdown elementor-nav-menu__container\" aria-hidden=\"true\">\n\t\t\t\t<ul id=\"menu-2-15f439f3\" class=\"elementor-nav-menu sm-vertical\"><li class=\"menu-item menu-item-type-post_type menu-item-object-page menu-item-57689\"><a href=\"https:\/\/secoli.com\/pt-br\/sala-de-imprensa\/arquivo-de-noticias\/\" class=\"elementor-item\" tabindex=\"-1\">Arquivo de Not\u00edcias<\/a><\/li>\n<li class=\"menu-item menu-item-type-post_type menu-item-object-page menu-item-57690\"><a href=\"https:\/\/secoli.com\/pt-br\/sala-de-imprensa\/arquivo-de-comunicados\/\" class=\"elementor-item\" tabindex=\"-1\">Arquivo de Comunicados<\/a><\/li>\n<li class=\"menu-item menu-item-type-post_type menu-item-object-page menu-item-57691\"><a href=\"https:\/\/secoli.com\/pt-br\/sala-de-imprensa\/revista-de-imprensa\/\" class=\"elementor-item\" tabindex=\"-1\">Revista de Imprensa<\/a><\/li>\n<li class=\"menu-item menu-item-type-post_type menu-item-object-page menu-item-57692\"><a href=\"https:\/\/secoli.com\/pt-br\/sala-de-imprensa\/arquivo-de-videos\/\" class=\"elementor-item\" tabindex=\"-1\">Arquivo de V\u00eddeos<\/a><\/li>\n<\/ul>\t\t\t<\/nav>\n\t\t\t\t\t\t<\/div>\n\t\t\t\t<div class=\"elementor-element elementor-element-54c96e6e elementor-widget-divider--separator-type-pattern elementor-widget-divider--view-line elementor-widget elementor-widget-divider\" data-id=\"54c96e6e\" data-element_type=\"widget\" data-e-type=\"widget\" data-widget_type=\"divider.default\">\n\t\t\t\t\t\t\t<div class=\"elementor-divider\" style=\"--divider-pattern-url: url(&quot;data:image\/svg+xml,%3Csvg xmlns=&#039;http:\/\/www.w3.org\/2000\/svg&#039; preserveAspectRatio=&#039;none&#039; overflow=&#039;visible&#039; height=&#039;100%&#039; viewBox=&#039;0 0 20 16&#039; fill=&#039;none&#039; stroke=&#039;black&#039; stroke-width=&#039;1.5&#039; stroke-linecap=&#039;square&#039; stroke-miterlimit=&#039;10&#039;%3E%3Cg transform=&#039;translate(-12.000000, 0)&#039;%3E%3Cpath d=&#039;M28,0L10,18&#039;\/%3E%3Cpath d=&#039;M18,0L0,18&#039;\/%3E%3Cpath d=&#039;M48,0L30,18&#039;\/%3E%3Cpath d=&#039;M38,0L20,18&#039;\/%3E%3C\/g%3E%3C\/svg%3E&quot;);\">\n\t\t\t<span class=\"elementor-divider-separator\">\n\t\t\t\t\t\t<\/span>\n\t\t<\/div>\n\t\t\t\t\t\t<\/div>\n\t\t\t\t<div class=\"elementor-element elementor-element-33ea3fa5 elementor-widget elementor-widget-heading\" data-id=\"33ea3fa5\" data-element_type=\"widget\" data-e-type=\"widget\" data-widget_type=\"heading.default\">\n\t\t\t\t\t<h2 class=\"elementor-heading-title elementor-size-default\">Pr\u00f3ximos Eventos<\/h2>\t\t\t\t<\/div>\n\t\t\t\t<div class=\"elementor-element elementor-element-f546882 elementor-widget-divider--separator-type-pattern elementor-widget-divider--view-line elementor-widget elementor-widget-divider\" data-id=\"f546882\" data-element_type=\"widget\" data-e-type=\"widget\" data-widget_type=\"divider.default\">\n\t\t\t\t\t\t\t<div class=\"elementor-divider\" style=\"--divider-pattern-url: url(&quot;data:image\/svg+xml,%3Csvg xmlns=&#039;http:\/\/www.w3.org\/2000\/svg&#039; preserveAspectRatio=&#039;none&#039; overflow=&#039;visible&#039; height=&#039;100%&#039; viewBox=&#039;0 0 20 16&#039; fill=&#039;none&#039; stroke=&#039;black&#039; stroke-width=&#039;1.5&#039; stroke-linecap=&#039;square&#039; stroke-miterlimit=&#039;10&#039;%3E%3Cg transform=&#039;translate(-12.000000, 0)&#039;%3E%3Cpath d=&#039;M28,0L10,18&#039;\/%3E%3Cpath d=&#039;M18,0L0,18&#039;\/%3E%3Cpath d=&#039;M48,0L30,18&#039;\/%3E%3Cpath d=&#039;M38,0L20,18&#039;\/%3E%3C\/g%3E%3C\/svg%3E&quot;);\">\n\t\t\t<span class=\"elementor-divider-separator\">\n\t\t\t\t\t\t<\/span>\n\t\t<\/div>\n\t\t\t\t\t\t<\/div>\n\t\t\t\t<div class=\"elementor-element elementor-element-4d579759 elementor-widget elementor-widget-heading\" data-id=\"4d579759\" data-element_type=\"widget\" data-e-type=\"widget\" data-widget_type=\"heading.default\">\n\t\t\t\t\t<h2 class=\"elementor-heading-title elementor-size-default\">Redes Sociais<\/h2>\t\t\t\t<\/div>\n\t\t\t\t<div class=\"elementor-element elementor-element-36840806 elementor-shape-rounded elementor-grid-0 e-grid-align-center elementor-widget elementor-widget-social-icons\" data-id=\"36840806\" data-element_type=\"widget\" data-e-type=\"widget\" data-widget_type=\"social-icons.default\">\n\t\t\t\t\t\t\t<div class=\"elementor-social-icons-wrapper elementor-grid\" role=\"list\">\n\t\t\t\t\t\t\t<span class=\"elementor-grid-item\" role=\"listitem\">\n\t\t\t\t\t<a class=\"elementor-icon elementor-social-icon elementor-social-icon-youtube elementor-repeater-item-bba36fd\" target=\"_blank\">\n\t\t\t\t\t\t<span class=\"elementor-screen-only\">Youtube<\/span>\n\t\t\t\t\t\t<svg aria-hidden=\"true\" class=\"e-font-icon-svg e-fab-youtube\" viewBox=\"0 0 576 512\" xmlns=\"http:\/\/www.w3.org\/2000\/svg\"><path d=\"M549.655 124.083c-6.281-23.65-24.787-42.276-48.284-48.597C458.781 64 288 64 288 64S117.22 64 74.629 75.486c-23.497 6.322-42.003 24.947-48.284 48.597-11.412 42.867-11.412 132.305-11.412 132.305s0 89.438 11.412 132.305c6.281 23.65 24.787 41.5 48.284 47.821C117.22 448 288 448 288 448s170.78 0 213.371-11.486c23.497-6.321 42.003-24.171 48.284-47.821 11.412-42.867 11.412-132.305 11.412-132.305s0-89.438-11.412-132.305zm-317.51 213.508V175.185l142.739 81.205-142.739 81.201z\"><\/path><\/svg>\t\t\t\t\t<\/a>\n\t\t\t\t<\/span>\n\t\t\t\t\t\t\t<span class=\"elementor-grid-item\" role=\"listitem\">\n\t\t\t\t\t<a class=\"elementor-icon elementor-social-icon elementor-social-icon-instagram elementor-repeater-item-851424c\" target=\"_blank\">\n\t\t\t\t\t\t<span class=\"elementor-screen-only\">Instagram<\/span>\n\t\t\t\t\t\t<svg aria-hidden=\"true\" class=\"e-font-icon-svg e-fab-instagram\" viewBox=\"0 0 448 512\" xmlns=\"http:\/\/www.w3.org\/2000\/svg\"><path d=\"M224.1 141c-63.6 0-114.9 51.3-114.9 114.9s51.3 114.9 114.9 114.9S339 319.5 339 255.9 287.7 141 224.1 141zm0 189.6c-41.1 0-74.7-33.5-74.7-74.7s33.5-74.7 74.7-74.7 74.7 33.5 74.7 74.7-33.6 74.7-74.7 74.7zm146.4-194.3c0 14.9-12 26.8-26.8 26.8-14.9 0-26.8-12-26.8-26.8s12-26.8 26.8-26.8 26.8 12 26.8 26.8zm76.1 27.2c-1.7-35.9-9.9-67.7-36.2-93.9-26.2-26.2-58-34.4-93.9-36.2-37-2.1-147.9-2.1-184.9 0-35.8 1.7-67.6 9.9-93.9 36.1s-34.4 58-36.2 93.9c-2.1 37-2.1 147.9 0 184.9 1.7 35.9 9.9 67.7 36.2 93.9s58 34.4 93.9 36.2c37 2.1 147.9 2.1 184.9 0 35.9-1.7 67.7-9.9 93.9-36.2 26.2-26.2 34.4-58 36.2-93.9 2.1-37 2.1-147.8 0-184.8zM398.8 388c-7.8 19.6-22.9 34.7-42.6 42.6-29.5 11.7-99.5 9-132.1 9s-102.7 2.6-132.1-9c-19.6-7.8-34.7-22.9-42.6-42.6-11.7-29.5-9-99.5-9-132.1s-2.6-102.7 9-132.1c7.8-19.6 22.9-34.7 42.6-42.6 29.5-11.7 99.5-9 132.1-9s102.7-2.6 132.1 9c19.6 7.8 34.7 22.9 42.6 42.6 11.7 29.5 9 99.5 9 132.1s2.7 102.7-9 132.1z\"><\/path><\/svg>\t\t\t\t\t<\/a>\n\t\t\t\t<\/span>\n\t\t\t\t\t\t\t<span class=\"elementor-grid-item\" role=\"listitem\">\n\t\t\t\t\t<a class=\"elementor-icon elementor-social-icon elementor-social-icon-facebook elementor-repeater-item-addc295\" target=\"_blank\">\n\t\t\t\t\t\t<span class=\"elementor-screen-only\">Facebook<\/span>\n\t\t\t\t\t\t<svg aria-hidden=\"true\" class=\"e-font-icon-svg e-fab-facebook\" viewBox=\"0 0 512 512\" xmlns=\"http:\/\/www.w3.org\/2000\/svg\"><path d=\"M504 256C504 119 393 8 256 8S8 119 8 256c0 123.78 90.69 226.38 209.25 245V327.69h-63V256h63v-54.64c0-62.15 37-96.48 93.67-96.48 27.14 0 55.52 4.84 55.52 4.84v61h-31.28c-30.8 0-40.41 19.12-40.41 38.73V256h68.78l-11 71.69h-57.78V501C413.31 482.38 504 379.78 504 256z\"><\/path><\/svg>\t\t\t\t\t<\/a>\n\t\t\t\t<\/span>\n\t\t\t\t\t\t\t<span class=\"elementor-grid-item\" role=\"listitem\">\n\t\t\t\t\t<a class=\"elementor-icon elementor-social-icon elementor-social-icon-linkedin elementor-repeater-item-1e27034\" target=\"_blank\">\n\t\t\t\t\t\t<span class=\"elementor-screen-only\">Linkedin<\/span>\n\t\t\t\t\t\t<svg aria-hidden=\"true\" class=\"e-font-icon-svg e-fab-linkedin\" viewBox=\"0 0 448 512\" xmlns=\"http:\/\/www.w3.org\/2000\/svg\"><path d=\"M416 32H31.9C14.3 32 0 46.5 0 64.3v383.4C0 465.5 14.3 480 31.9 480H416c17.6 0 32-14.5 32-32.3V64.3c0-17.8-14.4-32.3-32-32.3zM135.4 416H69V202.2h66.5V416zm-33.2-243c-21.3 0-38.5-17.3-38.5-38.5S80.9 96 102.2 96c21.2 0 38.5 17.3 38.5 38.5 0 21.3-17.2 38.5-38.5 38.5zm282.1 243h-66.4V312c0-24.8-.5-56.7-34.5-56.7-34.6 0-39.9 27-39.9 54.9V416h-66.4V202.2h63.7v29.2h.9c8.9-16.8 30.6-34.5 62.9-34.5 67.2 0 79.7 44.3 79.7 101.9V416z\"><\/path><\/svg>\t\t\t\t\t<\/a>\n\t\t\t\t<\/span>\n\t\t\t\t\t<\/div>\n\t\t\t\t\t\t<\/div>\n\t\t\t\t<\/div>\n\t\t\t\t<\/div>\n\t\t\t\t<\/div>\n\t\t","protected":false},"excerpt":{"rendered":"<p>Sala de Imprensa Pr\u00f3ximos Eventos Dic 13 10:30 am &#8211; 12:30 pm OPEN CLASS CLO 3D | 13 DICEMBRE Gen 24 10:30 am &#8211; 12:30 pm OPEN DAY NOVARA | 24 GENNAIO Gen 24 10:30 am &#8211; 12:30 pm OPEN DAY MILANO | 24 GENNAIO Vedi Calendario Redes Sociais Youtube Instagram Facebook Linkedin<\/p>\n","protected":false},"author":1,"featured_media":0,"parent":48524,"menu_order":0,"comment_status":"closed","ping_status":"closed","template":"","meta":{"_acf_changed":false,"inline_featured_image":false,"footnotes":""},"class_list":["post-48476","page","type-page","status-publish","hentry"],"acf":[],"_links":{"self":[{"href":"https:\/\/secoli.com\/pt-br\/wp-json\/wp\/v2\/pages\/48476","targetHints":{"allow":["GET"]}}],"collection":[{"href":"https:\/\/secoli.com\/pt-br\/wp-json\/wp\/v2\/pages"}],"about":[{"href":"https:\/\/secoli.com\/pt-br\/wp-json\/wp\/v2\/types\/page"}],"author":[{"embeddable":true,"href":"https:\/\/secoli.com\/pt-br\/wp-json\/wp\/v2\/users\/1"}],"replies":[{"embeddable":true,"href":"https:\/\/secoli.com\/pt-br\/wp-json\/wp\/v2\/comments?post=48476"}],"version-history":[{"count":2,"href":"https:\/\/secoli.com\/pt-br\/wp-json\/wp\/v2\/pages\/48476\/revisions"}],"predecessor-version":[{"id":49260,"href":"https:\/\/secoli.com\/pt-br\/wp-json\/wp\/v2\/pages\/48476\/revisions\/49260"}],"up":[{"embeddable":true,"href":"https:\/\/secoli.com\/pt-br\/wp-json\/wp\/v2\/pages\/48524"}],"wp:attachment":[{"href":"https:\/\/secoli.com\/pt-br\/wp-json\/wp\/v2\/media?parent=48476"}],"curies":[{"name":"wp","href":"https:\/\/api.w.org\/{rel}","templated":true}]}}