{"id":59644,"date":"2026-03-26T11:59:30","date_gmt":"2026-03-26T10:59:30","guid":{"rendered":"https:\/\/secoli.com\/eventi-w\/copia-di-copia-di-copia-di-open-day-hibrido-milao-7-de-marco\/open-class-novara-confeccao-16-de-maio\/"},"modified":"2026-04-28T15:45:17","modified_gmt":"2026-04-28T13:45:17","slug":"open-class-novara-confeccao-16-de-maio","status":"publish","type":"eventow","link":"https:\/\/secoli.com\/pt-br\/eventi-w\/copia-di-copia-di-copia-di-open-day-hibrido-milao-7-de-marco\/open-class-novara-confeccao-16-de-maio\/","title":{"rendered":"OPEN CLASS NOVARA | CONFEC\u00c7\u00c3O | 16 DE MAIO"},"content":{"rendered":"\n<p><strong>Inscreva-se na Open Class de Confec\u00e7\u00e3o do Istituto Secoli!<\/strong><\/p>\n\n<p>Preencha o formul\u00e1rio e participe da Open Class de s\u00e1bado, 16 de maio, <strong>presencialmente<\/strong> na sede de Novara.<\/p>\n\n<p>Uma oportunidade \u00fanica para conhecer de perto nosso curso de <em>Prototipagem do Produto de Moda<\/em>, conhecer os professores e vivenciar a experi\u00eancia Secoli.<\/p>\n\n<p><\/p>\n","protected":false},"excerpt":{"rendered":"<p>Inscreva-se na Open Class de Confec\u00e7\u00e3o do Istituto Secoli! Preencha o formul\u00e1rio e participe da Open Class de s\u00e1bado, 16 de maio, presencialmente na sede de Novara. Uma oportunidade \u00fanica para conhecer de perto nosso curso de Prototipagem do Produto de Moda, conhecer os professores e vivenciar a experi\u00eancia Secoli.<\/p>\n","protected":false},"featured_media":0,"parent":58993,"menu_order":0,"template":"","categoria_evento":[173],"class_list":["post-59644","eventow","type-eventow","status-publish","hentry","categoria_evento-open-class"],"acf":[],"_links":{"self":[{"href":"https:\/\/secoli.com\/pt-br\/wp-json\/wp\/v2\/eventow\/59644","targetHints":{"allow":["GET"]}}],"collection":[{"href":"https:\/\/secoli.com\/pt-br\/wp-json\/wp\/v2\/eventow"}],"about":[{"href":"https:\/\/secoli.com\/pt-br\/wp-json\/wp\/v2\/types\/eventow"}],"version-history":[{"count":1,"href":"https:\/\/secoli.com\/pt-br\/wp-json\/wp\/v2\/eventow\/59644\/revisions"}],"predecessor-version":[{"id":59645,"href":"https:\/\/secoli.com\/pt-br\/wp-json\/wp\/v2\/eventow\/59644\/revisions\/59645"}],"up":[{"embeddable":true,"href":"https:\/\/secoli.com\/pt-br\/wp-json\/wp\/v2\/eventow\/58993"}],"wp:attachment":[{"href":"https:\/\/secoli.com\/pt-br\/wp-json\/wp\/v2\/media?parent=59644"}],"wp:term":[{"taxonomy":"categoria_evento","embeddable":true,"href":"https:\/\/secoli.com\/pt-br\/wp-json\/wp\/v2\/categoria_evento?post=59644"}],"curies":[{"name":"wp","href":"https:\/\/api.w.org\/{rel}","templated":true}]}}