{"id":47618,"date":"2025-08-05T08:30:14","date_gmt":"2025-08-05T06:30:14","guid":{"rendered":"https:\/\/secoli.com\/servicios-para-empresas\/formacion\/"},"modified":"2025-11-24T12:11:03","modified_gmt":"2025-11-24T11:11:03","slug":"formacion","status":"publish","type":"page","link":"https:\/\/secoli.com\/es\/servicios-para-empresas\/formacion\/","title":{"rendered":"Formaci\u00f3n"},"content":{"rendered":"\t\t<div data-elementor-type=\"wp-page\" data-elementor-id=\"47618\" class=\"elementor elementor-47618 elementor-39466\" data-elementor-post-type=\"page\">\n\t\t\t\t<div class=\"elementor-element elementor-element-70f84d8 e-con-full e-flex e-con e-parent\" data-id=\"70f84d8\" data-element_type=\"container\" data-e-type=\"container\">\n\t\t<div class=\"elementor-element elementor-element-6c6d0e6 e-con-full e-flex e-con e-child\" data-id=\"6c6d0e6\" data-element_type=\"container\" data-e-type=\"container\">\n\t\t<div class=\"elementor-element elementor-element-3f07744 e-con-full e-flex e-con e-child\" data-id=\"3f07744\" data-element_type=\"container\" data-e-type=\"container\" data-settings=\"{&quot;background_background&quot;:&quot;classic&quot;,&quot;background_motion_fx_motion_fx_scrolling&quot;:&quot;yes&quot;,&quot;background_motion_fx_translateX_effect&quot;:&quot;yes&quot;,&quot;background_motion_fx_translateX_direction&quot;:&quot;negative&quot;,&quot;background_motion_fx_translateX_speed&quot;:{&quot;unit&quot;:&quot;px&quot;,&quot;size&quot;:6,&quot;sizes&quot;:[]},&quot;background_motion_fx_translateX_affectedRange&quot;:{&quot;unit&quot;:&quot;%&quot;,&quot;size&quot;:&quot;&quot;,&quot;sizes&quot;:{&quot;start&quot;:0,&quot;end&quot;:100}},&quot;background_motion_fx_devices&quot;:[&quot;desktop&quot;,&quot;tablet&quot;,&quot;mobile&quot;]}\">\n\t\t<div class=\"elementor-element elementor-element-d8ac9f1 e-flex e-con-boxed e-con e-child\" data-id=\"d8ac9f1\" data-element_type=\"container\" data-e-type=\"container\" data-settings=\"{&quot;background_background&quot;:&quot;classic&quot;,&quot;shape_divider_top&quot;:&quot;opacity-tilt&quot;}\">\n\t\t\t\t\t<div class=\"e-con-inner\">\n\t\t\t\t<div class=\"elementor-shape elementor-shape-top\" aria-hidden=\"true\" data-negative=\"false\">\n\t\t\t<svg xmlns=\"http:\/\/www.w3.org\/2000\/svg\" viewBox=\"0 0 2600 131.1\" preserveAspectRatio=\"none\">\n\t<path class=\"elementor-shape-fill\" d=\"M0 0L2600 0 2600 69.1 0 0z\"\/>\n\t<path class=\"elementor-shape-fill\" style=\"opacity:0.5\" d=\"M0 0L2600 0 2600 69.1 0 69.1z\"\/>\n\t<path class=\"elementor-shape-fill\" style=\"opacity:0.25\" d=\"M2600 0L0 0 0 130.1 2600 69.1z\"\/>\n<\/svg>\t\t<\/div>\n\t\t\t\t<div class=\"elementor-element elementor-element-9df7d2f elementor-widget elementor-widget-heading\" data-id=\"9df7d2f\" data-element_type=\"widget\" data-e-type=\"widget\" data-widget_type=\"heading.default\">\n\t\t\t\t\t<h2 class=\"elementor-heading-title elementor-size-default\">Formaci\u00f3n para empresas<\/h2>\t\t\t\t<\/div>\n\t\t\t\t<div class=\"elementor-element elementor-element-83e7c98 elementor-widget elementor-widget-text-editor\" data-id=\"83e7c98\" data-element_type=\"widget\" data-e-type=\"widget\" data-widget_type=\"text-editor.default\">\n\t\t\t\t\t\t\t\t\t<p>La formaci\u00f3n es el n\u00facleo de nuestra actividad: desde siempre nos hemos comprometido a dise\u00f1ar formaci\u00f3n para y en las empresas.<\/p><p>La experiencia madurada a lo largo de los a\u00f1os, la competencia de nuestro cuerpo docente y la consiguiente habilidad para identificar las necesidades espec\u00edficas de cada contexto, en un sector tan particular como el de la confecci\u00f3n, nos permiten dise\u00f1ar y proponer programas formativos para todas las \u00e1reas de proceso y de producto empresariales.<\/p>\t\t\t\t\t\t\t\t<\/div>\n\t\t\t\t\t<\/div>\n\t\t\t\t<\/div>\n\t\t\t\t<\/div>\n\t\t\t\t<div class=\"elementor-element elementor-element-36aae0c elementor-widget elementor-widget-heading\" data-id=\"36aae0c\" data-element_type=\"widget\" data-e-type=\"widget\" data-widget_type=\"heading.default\">\n\t\t\t\t\t<h2 class=\"elementor-heading-title elementor-size-default\">Cursos en la empresa<\/h2>\t\t\t\t<\/div>\n\t\t\t\t<div class=\"elementor-element elementor-element-c87c68e elementor-widget elementor-widget-text-editor\" data-id=\"c87c68e\" data-element_type=\"widget\" data-e-type=\"widget\" data-widget_type=\"text-editor.default\">\n\t\t\t\t\t\t\t\t\t<p>La formaci\u00f3n en la empresa representa uno de los instrumentos m\u00e1s importantes en los recorridos de mejora del rendimiento empresarial.<\/p><p>La velocidad y complejidad del contexto actual del mercado requieren una constante actualizaci\u00f3n de las competencias y adecuaci\u00f3n de los modelos organizativos en colaboraci\u00f3n con socios l\u00edderes capaces de garantizar la calidad indispensable al proyecto formativo.<\/p><p>La experiencia espec\u00edfica garantiza al equipo Secoli un liderazgo en el dise\u00f1o y en la realizaci\u00f3n de intervenciones formativas a medida en las \u00e1reas de estilo, producto, dise\u00f1o de modelos, dise\u00f1o de los procesos de elaboraci\u00f3n y tiempos y m\u00e9todos, subsanaci\u00f3n de defectos, prototipado, industrializaci\u00f3n, producci\u00f3n, control de calidad y organizaci\u00f3n de la producci\u00f3n.<\/p><p>Intervenciones formativas que se dise\u00f1an sobre la base de un an\u00e1lisis del contexto empresarial en t\u00e9rminos de configuraci\u00f3n organizativa y grado de cobertura de los conocimientos con el fin de compartir con el cliente objetivos, tiempos y modalidades de ejecuci\u00f3n del proyecto y garantizar su realizaci\u00f3n.<\/p>\t\t\t\t\t\t\t\t<\/div>\n\t\t<div class=\"elementor-element elementor-element-f3f0ee1 e-con-full e-flex e-con e-child\" data-id=\"f3f0ee1\" data-element_type=\"container\" data-e-type=\"container\" data-settings=\"{&quot;background_background&quot;:&quot;classic&quot;}\">\n\t\t<div class=\"elementor-element elementor-element-292b822 e-con-full e-flex e-con e-child\" data-id=\"292b822\" data-element_type=\"container\" data-e-type=\"container\">\n\t\t\t\t<div class=\"elementor-element elementor-element-68b4276 elementor-widget elementor-widget-heading\" data-id=\"68b4276\" data-element_type=\"widget\" data-e-type=\"widget\" data-widget_type=\"heading.default\">\n\t\t\t\t\t<h2 class=\"elementor-heading-title elementor-size-default\">Cont\u00e1ctenos para obtener m\u00e1s informaci\u00f3n<\/h2>\t\t\t\t<\/div>\n\t\t\t\t<\/div>\n\t\t<div class=\"elementor-element elementor-element-f909db7 e-con-full e-flex e-con e-child\" data-id=\"f909db7\" data-element_type=\"container\" data-e-type=\"container\">\n\t\t\t\t<div class=\"elementor-element elementor-element-9de70a1 elementor-widget elementor-widget-button\" data-id=\"9de70a1\" data-element_type=\"widget\" data-e-type=\"widget\" data-widget_type=\"button.default\">\n\t\t\t\t\t\t\t\t\t\t<a class=\"elementor-button elementor-button-link elementor-size-sm\" href=\"#elementor-action%3Aaction%3Dpopup%3Aopen%26settings%3DeyJpZCI6NDAyMjcsInRvZ2dsZSI6ZmFsc2V9\">\n\t\t\t\t\t\t<span class=\"elementor-button-content-wrapper\">\n\t\t\t\t\t\t\t\t\t<span class=\"elementor-button-text\">Contacto<\/span>\n\t\t\t\t\t<\/span>\n\t\t\t\t\t<\/a>\n\t\t\t\t\t\t\t\t<\/div>\n\t\t\t\t<\/div>\n\t\t\t\t<\/div>\n\t\t\t\t<div class=\"elementor-element elementor-element-6fd8ec1 elementor-widget elementor-widget-spacer\" data-id=\"6fd8ec1\" data-element_type=\"widget\" data-e-type=\"widget\" data-widget_type=\"spacer.default\">\n\t\t\t\t\t\t\t<div class=\"elementor-spacer\">\n\t\t\t<div class=\"elementor-spacer-inner\"><\/div>\n\t\t<\/div>\n\t\t\t\t\t\t<\/div>\n\t\t\t\t<div class=\"elementor-element elementor-element-d447287 elementor-widget elementor-widget-heading\" data-id=\"d447287\" data-element_type=\"widget\" data-e-type=\"widget\" data-widget_type=\"heading.default\">\n\t\t\t\t\t<h2 class=\"elementor-heading-title elementor-size-default\">Proyecto Talent Garden<\/h2>\t\t\t\t<\/div>\n\t\t\t\t<div class=\"elementor-element elementor-element-38b39eb elementor-widget elementor-widget-text-editor\" data-id=\"38b39eb\" data-element_type=\"widget\" data-e-type=\"widget\" data-widget_type=\"text-editor.default\">\n\t\t\t\t\t\t\t\t\t<p>El tema del talento a atraer, cultivar, formar, motivar y retener representa uno de los temas m\u00e1s cr\u00edticos para el futuro de nuestro sector.<\/p><p>Con esta conciencia proponemos una gama de servicios personalizados dirigidos a dar soporte a las pol\u00edticas empresariales sobre el talento.<\/p><p>El Talent Garden es un enfoque estructurado finalizado a estimular e incentivar las vocaciones territoriales y crear recorridos formativos personalizados sobre las exigencias empresariales.<\/p><p>Identificamos junto a la empresa las profesionalidades que necesita y necesitar\u00e1 a corto y medio plazo, activamos las palancas necesarias para atraer y seleccionar el talento y sobre estas bases dise\u00f1amos y realizamos los recorridos de alta formaci\u00f3n para responder a las necesidades del cliente.<\/p>\t\t\t\t\t\t\t\t<\/div>\n\t\t<div class=\"elementor-element elementor-element-a46b8d2 e-con-full e-flex e-con e-child\" data-id=\"a46b8d2\" data-element_type=\"container\" data-e-type=\"container\" data-settings=\"{&quot;background_background&quot;:&quot;classic&quot;}\">\n\t\t<div class=\"elementor-element elementor-element-05aee64 e-con-full e-flex e-con e-child\" data-id=\"05aee64\" data-element_type=\"container\" data-e-type=\"container\">\n\t\t\t\t<div class=\"elementor-element elementor-element-765a7da elementor-widget elementor-widget-heading\" data-id=\"765a7da\" data-element_type=\"widget\" data-e-type=\"widget\" data-widget_type=\"heading.default\">\n\t\t\t\t\t<h2 class=\"elementor-heading-title elementor-size-default\">Cont\u00e1ctenos para obtener m\u00e1s informaci\u00f3n<\/h2>\t\t\t\t<\/div>\n\t\t\t\t<\/div>\n\t\t<div class=\"elementor-element elementor-element-3bc8429 e-con-full e-flex e-con e-child\" data-id=\"3bc8429\" data-element_type=\"container\" data-e-type=\"container\">\n\t\t\t\t<div class=\"elementor-element elementor-element-d074893 elementor-widget elementor-widget-button\" data-id=\"d074893\" data-element_type=\"widget\" data-e-type=\"widget\" data-widget_type=\"button.default\">\n\t\t\t\t\t\t\t\t\t\t<a class=\"elementor-button elementor-button-link elementor-size-sm\" href=\"#elementor-action%3Aaction%3Dpopup%3Aopen%26settings%3DeyJpZCI6NDAyMjcsInRvZ2dsZSI6ZmFsc2V9\">\n\t\t\t\t\t\t<span class=\"elementor-button-content-wrapper\">\n\t\t\t\t\t\t\t\t\t<span class=\"elementor-button-text\">Contacto<\/span>\n\t\t\t\t\t<\/span>\n\t\t\t\t\t<\/a>\n\t\t\t\t\t\t\t\t<\/div>\n\t\t\t\t<\/div>\n\t\t\t\t<\/div>\n\t\t\t\t<div class=\"elementor-element elementor-element-56cc836 elementor-widget elementor-widget-spacer\" data-id=\"56cc836\" data-element_type=\"widget\" data-e-type=\"widget\" data-widget_type=\"spacer.default\">\n\t\t\t\t\t\t\t<div class=\"elementor-spacer\">\n\t\t\t<div class=\"elementor-spacer-inner\"><\/div>\n\t\t<\/div>\n\t\t\t\t\t\t<\/div>\n\t\t\t\t<div class=\"elementor-element elementor-element-0b23b1f elementor-widget elementor-widget-heading\" data-id=\"0b23b1f\" data-element_type=\"widget\" data-e-type=\"widget\" data-widget_type=\"heading.default\">\n\t\t\t\t\t<h2 class=\"elementor-heading-title elementor-size-default\">Seminarios y talleres<\/h2>\t\t\t\t<\/div>\n\t\t\t\t<div class=\"elementor-element elementor-element-f8e3526 elementor-widget elementor-widget-text-editor\" data-id=\"f8e3526\" data-element_type=\"widget\" data-e-type=\"widget\" data-widget_type=\"text-editor.default\">\n\t\t\t\t\t\t\t\t\t<p>En un panorama competitivo en r\u00e1pida y radical evoluci\u00f3n, la actualizaci\u00f3n profesional continua se convierte en un tema cr\u00edtico tanto para afrontar los desaf\u00edos empresariales como los personales.<\/p><p>Istituto Secoli propone un cartel de iniciativas en las f\u00f3rmulas de seminarios, talleres y masterclass, tanto f\u00edsicos como digitales, dirigido a crear tambi\u00e9n a trav\u00e9s de la transferencia de los conocimientos entre los participantes, ocasiones para profundizar en las t\u00e9cnicas y metodolog\u00edas de desarrollo del modelo, de subsanaci\u00f3n de defectos de la prenda, de industrializaci\u00f3n, las metodolog\u00edas de elaboraci\u00f3n de sastrer\u00eda e industrial, las t\u00e9cnicas de mejora de los procesos productivos.<\/p>\t\t\t\t\t\t\t\t<\/div>\n\t\t\t\t<\/div>\n\t\t<div class=\"elementor-element elementor-element-e024f9a e-con-full e-flex e-con e-child\" data-id=\"e024f9a\" data-element_type=\"container\" data-e-type=\"container\">\n\t\t\t\t<div class=\"elementor-element elementor-element-7e63f14 elementor-widget elementor-widget-heading\" data-id=\"7e63f14\" data-element_type=\"widget\" data-e-type=\"widget\" data-widget_type=\"heading.default\">\n\t\t\t\t\t<h2 class=\"elementor-heading-title elementor-size-default\">Para las Empresas<\/h2>\t\t\t\t<\/div>\n\t\t\t\t<div class=\"elementor-element elementor-element-339eb95 elementor-nav-menu--dropdown-tablet elementor-nav-menu__text-align-aside elementor-nav-menu--toggle elementor-nav-menu--burger elementor-widget elementor-widget-nav-menu\" data-id=\"339eb95\" data-element_type=\"widget\" data-e-type=\"widget\" data-settings=\"{&quot;layout&quot;:&quot;vertical&quot;,&quot;submenu_icon&quot;:{&quot;value&quot;:&quot;&lt;svg aria-hidden=\\&quot;true\\&quot; class=\\&quot;e-font-icon-svg e-fas-caret-down\\&quot; viewBox=\\&quot;0 0 320 512\\&quot; xmlns=\\&quot;http:\\\/\\\/www.w3.org\\\/2000\\\/svg\\&quot;&gt;&lt;path d=\\&quot;M31.3 192h257.3c17.8 0 26.7 21.5 14.1 34.1L174.1 354.8c-7.8 7.8-20.5 7.8-28.3 0L17.2 226.1C4.6 213.5 13.5 192 31.3 192z\\&quot;&gt;&lt;\\\/path&gt;&lt;\\\/svg&gt;&quot;,&quot;library&quot;:&quot;fa-solid&quot;},&quot;toggle&quot;:&quot;burger&quot;}\" data-widget_type=\"nav-menu.default\">\n\t\t\t\t\t\t\t\t<nav aria-label=\"Menu\" class=\"elementor-nav-menu--main elementor-nav-menu__container elementor-nav-menu--layout-vertical e--pointer-underline e--animation-fade\">\n\t\t\t\t<ul id=\"menu-1-339eb95\" class=\"elementor-nav-menu sm-vertical\"><li class=\"menu-item menu-item-type-post_type menu-item-object-page menu-item-57708\"><a href=\"https:\/\/secoli.com\/es\/servicios-para-empresas\/consultoria-organizativa-y-estrategica\/\" class=\"elementor-item\">Consultor\u00eda Organizativa y Estrat\u00e9gica<\/a><\/li>\n<li class=\"menu-item menu-item-type-post_type menu-item-object-page menu-item-57709\"><a href=\"https:\/\/secoli.com\/es\/servicios-para-empresas\/formacion\/\" class=\"elementor-item\">Formaci\u00f3n<\/a><\/li>\n<li class=\"menu-item menu-item-type-post_type menu-item-object-page menu-item-57710\"><a href=\"https:\/\/secoli.com\/es\/servicios-para-empresas\/placement\/\" class=\"elementor-item\">Placement<\/a><\/li>\n<li class=\"menu-item menu-item-type-post_type menu-item-object-page menu-item-57711\"><a href=\"https:\/\/secoli.com\/es\/servicios-para-empresas\/socios\/\" class=\"elementor-item\">Socios<\/a><\/li>\n<\/ul>\t\t\t<\/nav>\n\t\t\t\t\t<div class=\"elementor-menu-toggle\" role=\"button\" tabindex=\"0\" aria-label=\"Alternar men\u00fa\" aria-expanded=\"false\">\n\t\t\t<svg aria-hidden=\"true\" role=\"presentation\" class=\"elementor-menu-toggle__icon--open e-font-icon-svg e-eicon-menu-bar\" viewBox=\"0 0 1000 1000\" xmlns=\"http:\/\/www.w3.org\/2000\/svg\"><path d=\"M104 333H896C929 333 958 304 958 271S929 208 896 208H104C71 208 42 237 42 271S71 333 104 333ZM104 583H896C929 583 958 554 958 521S929 458 896 458H104C71 458 42 487 42 521S71 583 104 583ZM104 833H896C929 833 958 804 958 771S929 708 896 708H104C71 708 42 737 42 771S71 833 104 833Z\"><\/path><\/svg><svg aria-hidden=\"true\" role=\"presentation\" class=\"elementor-menu-toggle__icon--close e-font-icon-svg e-eicon-close\" viewBox=\"0 0 1000 1000\" xmlns=\"http:\/\/www.w3.org\/2000\/svg\"><path d=\"M742 167L500 408 258 167C246 154 233 150 217 150 196 150 179 158 167 167 154 179 150 196 150 212 150 229 154 242 171 254L408 500 167 742C138 771 138 800 167 829 196 858 225 858 254 829L496 587 738 829C750 842 767 846 783 846 800 846 817 842 829 829 842 817 846 804 846 783 846 767 842 750 829 737L588 500 833 258C863 229 863 200 833 171 804 137 775 137 742 167Z\"><\/path><\/svg>\t\t<\/div>\n\t\t\t\t\t<nav class=\"elementor-nav-menu--dropdown elementor-nav-menu__container\" aria-hidden=\"true\">\n\t\t\t\t<ul id=\"menu-2-339eb95\" class=\"elementor-nav-menu sm-vertical\"><li class=\"menu-item menu-item-type-post_type menu-item-object-page menu-item-57708\"><a href=\"https:\/\/secoli.com\/es\/servicios-para-empresas\/consultoria-organizativa-y-estrategica\/\" class=\"elementor-item\" tabindex=\"-1\">Consultor\u00eda Organizativa y Estrat\u00e9gica<\/a><\/li>\n<li class=\"menu-item menu-item-type-post_type menu-item-object-page menu-item-57709\"><a href=\"https:\/\/secoli.com\/es\/servicios-para-empresas\/formacion\/\" class=\"elementor-item\" tabindex=\"-1\">Formaci\u00f3n<\/a><\/li>\n<li class=\"menu-item menu-item-type-post_type menu-item-object-page menu-item-57710\"><a href=\"https:\/\/secoli.com\/es\/servicios-para-empresas\/placement\/\" class=\"elementor-item\" tabindex=\"-1\">Placement<\/a><\/li>\n<li class=\"menu-item menu-item-type-post_type menu-item-object-page menu-item-57711\"><a href=\"https:\/\/secoli.com\/es\/servicios-para-empresas\/socios\/\" class=\"elementor-item\" tabindex=\"-1\">Socios<\/a><\/li>\n<\/ul>\t\t\t<\/nav>\n\t\t\t\t\t\t<\/div>\n\t\t\t\t<div class=\"elementor-element elementor-element-7d53446 elementor-widget-divider--separator-type-pattern elementor-widget-divider--view-line elementor-widget elementor-widget-divider\" data-id=\"7d53446\" data-element_type=\"widget\" data-e-type=\"widget\" data-widget_type=\"divider.default\">\n\t\t\t\t\t\t\t<div class=\"elementor-divider\" style=\"--divider-pattern-url: url(&quot;data:image\/svg+xml,%3Csvg xmlns=&#039;http:\/\/www.w3.org\/2000\/svg&#039; preserveAspectRatio=&#039;none&#039; overflow=&#039;visible&#039; height=&#039;100%&#039; viewBox=&#039;0 0 20 16&#039; fill=&#039;none&#039; stroke=&#039;black&#039; stroke-width=&#039;1&#039; stroke-linecap=&#039;square&#039; stroke-miterlimit=&#039;10&#039;%3E%3Cg transform=&#039;translate(-12.000000, 0)&#039;%3E%3Cpath d=&#039;M28,0L10,18&#039;\/%3E%3Cpath d=&#039;M18,0L0,18&#039;\/%3E%3Cpath d=&#039;M48,0L30,18&#039;\/%3E%3Cpath d=&#039;M38,0L20,18&#039;\/%3E%3C\/g%3E%3C\/svg%3E&quot;);\">\n\t\t\t<span class=\"elementor-divider-separator\">\n\t\t\t\t\t\t<\/span>\n\t\t<\/div>\n\t\t\t\t\t\t<\/div>\n\t\t\t\t<\/div>\n\t\t\t\t<\/div>\n\t\t\t\t<\/div>\n\t\t","protected":false},"excerpt":{"rendered":"<p>Formaci\u00f3n para empresas La formaci\u00f3n es el n\u00facleo de nuestra actividad: desde siempre nos hemos comprometido a dise\u00f1ar formaci\u00f3n para y en las empresas. La experiencia madurada a lo largo de los a\u00f1os, la competencia de nuestro cuerpo docente y la consiguiente habilidad para identificar las necesidades espec\u00edficas de cada contexto, en un sector tan [&hellip;]<\/p>\n","protected":false},"author":1,"featured_media":0,"parent":47601,"menu_order":0,"comment_status":"closed","ping_status":"closed","template":"","meta":{"_acf_changed":false,"inline_featured_image":false,"footnotes":""},"class_list":["post-47618","page","type-page","status-publish","hentry"],"acf":[],"_links":{"self":[{"href":"https:\/\/secoli.com\/es\/wp-json\/wp\/v2\/pages\/47618","targetHints":{"allow":["GET"]}}],"collection":[{"href":"https:\/\/secoli.com\/es\/wp-json\/wp\/v2\/pages"}],"about":[{"href":"https:\/\/secoli.com\/es\/wp-json\/wp\/v2\/types\/page"}],"author":[{"embeddable":true,"href":"https:\/\/secoli.com\/es\/wp-json\/wp\/v2\/users\/1"}],"replies":[{"embeddable":true,"href":"https:\/\/secoli.com\/es\/wp-json\/wp\/v2\/comments?post=47618"}],"version-history":[{"count":1,"href":"https:\/\/secoli.com\/es\/wp-json\/wp\/v2\/pages\/47618\/revisions"}],"predecessor-version":[{"id":47621,"href":"https:\/\/secoli.com\/es\/wp-json\/wp\/v2\/pages\/47618\/revisions\/47621"}],"up":[{"embeddable":true,"href":"https:\/\/secoli.com\/es\/wp-json\/wp\/v2\/pages\/47601"}],"wp:attachment":[{"href":"https:\/\/secoli.com\/es\/wp-json\/wp\/v2\/media?parent=47618"}],"curies":[{"name":"wp","href":"https:\/\/api.w.org\/{rel}","templated":true}]}}